{"id":5339,"date":"2025-01-21T22:46:03","date_gmt":"2025-01-21T22:46:03","guid":{"rendered":"https:\/\/m-a-i.cloudserver.ccsolutions.one\/index.php\/ferias-comerciales\/"},"modified":"2025-07-09T09:16:46","modified_gmt":"2025-07-09T09:16:46","slug":"ferias-comerciales","status":"publish","type":"page","link":"https:\/\/www.m-a-i.de\/es\/ferias-comerciales\/","title":{"rendered":"Ferias comerciales"},"content":{"rendered":"<p><div class=\"fusion-fullwidth fullwidth-box fusion-builder-row-1 fusion-flex-container has-pattern-background has-mask-background fusion-parallax-none nonhundred-percent-fullwidth hundred-percent-height hundred-percent-height-center-content non-hundred-percent-height-scrolling fusion-no-small-visibility lazyload\" style=\"--awb-border-radius-top-left:0px;--awb-border-radius-top-right:0px;--awb-border-radius-bottom-right:0px;--awb-border-radius-bottom-left:0px;--awb-padding-top:0px;--awb-padding-right:0px;--awb-padding-bottom:0px;--awb-padding-left:0px;--awb-margin-top:27px;--awb-margin-bottom:32px;--awb-background-color:rgba(255,255,255,0);--awb-background-size:cover;--awb-flex-wrap:wrap;\" data-bg=\"https:\/\/www.m-a-i.de\/wp-content\/uploads\/mai-messestand.jpg\" ><div class=\"awb-background-pattern\" style=\"background-image:  url(data:image\/svg+xml;utf8,%3Csvg%20width%3D%2228%22%20height%3D%2249%22%20fill%3D%22none%22%20xmlns%3D%22http%3A%2F%2Fwww.w3.org%2F2000%2Fsvg%22%3E%3Cpath%20fill-rule%3D%22evenodd%22%20clip-rule%3D%22evenodd%22%20d%3D%22M10.98%200H0v12.69l10.98-6.34V0zm2%200v7.5L0%2015v18.5L12.98%2041v8H15v-8l12.99-7.5H28V15h-.01L15%207.5V0h-2.02zM17%200v6.35l10.99%206.34H28V0H17zm11%2035.81h-.01L17%2042.15V49h11V35.81zM10.98%2049v-6.85L0%2035.81V49h10.98zm16.01-32.25l-13-7.5L1%2016.75v15l12.99%207.5%2013-7.5v-15zM3%2030.6V17.9l10.99-6.34%2011%206.34v12.69l-11%206.35L3%2030.6z%22%20fill%3D%22rgba%280%2C23%2C43%2C1%29%22%2F%3E%3C%2Fsvg%3E);opacity: 0.15 ;background-size:20px;mix-blend-mode:normal;\"><\/div><div class=\"fusion-builder-row fusion-row fusion-flex-align-items-flex-start fusion-flex-align-content-flex-start fusion-flex-justify-content-center fusion-flex-content-wrap\" style=\"max-width:1664px;margin-left: calc(-4% \/ 2 );margin-right: calc(-4% \/ 2 );\"><\/div><\/div><div class=\"fusion-fullwidth fullwidth-box fusion-builder-row-2 fusion-flex-container has-pattern-background has-mask-background nonhundred-percent-fullwidth non-hundred-percent-height-scrolling fusion-no-small-visibility fusion-custom-z-index\" style=\"--awb-border-radius-top-left:0px;--awb-border-radius-top-right:0px;--awb-border-radius-bottom-right:0px;--awb-border-radius-bottom-left:0px;--awb-z-index:15;--awb-padding-top:50px;--awb-padding-bottom:50px;--awb-margin-top:1px;--awb-margin-top-medium:0px;--awb-margin-top-small:0px;--awb-min-height:600px;--awb-background-color:rgba(255,255,255,0);--awb-flex-wrap:wrap;\" ><div class=\"fusion-builder-row fusion-row fusion-flex-align-items-stretch fusion-flex-align-content-center fusion-flex-justify-content-center fusion-flex-content-wrap\" style=\"max-width:1632px;margin-left: calc(-2% \/ 2 );margin-right: calc(-2% \/ 2 );\"><div class=\"fusion-layout-column fusion_builder_column fusion-builder-column-0 fusion_builder_column_1_3 1_3 fusion-flex-column\" style=\"--awb-padding-top:32px;--awb-padding-right:32px;--awb-padding-bottom:32px;--awb-padding-left:32px;--awb-overflow:hidden;--awb-bg-color:rgba(255,255,255,0);--awb-bg-color-hover:rgba(255,255,255,0);--awb-bg-size:cover;--awb-border-color:var(--awb-custom_color_3);--awb-border-top:1px;--awb-border-right:1px;--awb-border-bottom:1px;--awb-border-left:1px;--awb-border-style:solid;--awb-border-radius:12px 12px 12px 12px;--awb-width-large:33.333333333333%;--awb-margin-top-large:16px;--awb-spacing-right-large:2.94%;--awb-margin-bottom-large:0px;--awb-spacing-left-large:2.94%;--awb-width-medium:33.333333333333%;--awb-order-medium:0;--awb-spacing-right-medium:2.94%;--awb-spacing-left-medium:2.94%;--awb-width-small:100%;--awb-order-small:0;--awb-spacing-right-small:0.98%;--awb-margin-bottom-small:20px;--awb-spacing-left-small:0.98%;\" data-scroll-devices=\"small-visibility,medium-visibility,large-visibility\"><div class=\"fusion-column-wrapper fusion-column-has-shadow fusion-flex-justify-content-flex-start fusion-content-layout-column\"><div class=\"fusion-text fusion-text-1 fusion-text-no-margin\" style=\"--awb-font-size:var(--awb-typography4-font-size);--awb-line-height:var(--awb-typography4-line-height);--awb-letter-spacing:var(--awb-typography4-letter-spacing);--awb-text-transform:var(--awb-typography4-text-transform);--awb-text-color:hsla(var(--awb-color8-h),var(--awb-color8-s),var(--awb-color8-l),calc(var(--awb-color8-a) - 20%));--awb-margin-bottom:40px;--awb-text-font-family:var(--awb-typography4-font-family);--awb-text-font-weight:var(--awb-typography4-font-weight);--awb-text-font-style:var(--awb-typography4-font-style);\"><p>\u00a1Estamos all\u00ed! En   <strong>9 y 10 de julio de 2025 <\/strong> participamos en Tecnolog\u00eda M\u00e9dica <strong>en Ulm<\/strong>.<br \/>\nFundada originalmente como Tecnolog\u00eda M\u00e9dica de Irlanda en Galway en 2017, esta renombrada feria es ahora uno de los eventos de Tecnolog\u00eda M\u00e9dica m\u00e1s importantes de Europa. Este a\u00f1o se celebra por primera vez en Alemania. Estamos deseando participar en este emocionante evento, presentar nuestras soluciones innovadoras y establecer contactos.<\/p>\n<\/div><div class=\"fusion-image-element \" style=\"--awb-caption-title-font-family:var(--h2_typography-font-family);--awb-caption-title-font-weight:var(--h2_typography-font-weight);--awb-caption-title-font-style:var(--h2_typography-font-style);--awb-caption-title-size:var(--h2_typography-font-size);--awb-caption-title-transform:var(--h2_typography-text-transform);--awb-caption-title-line-height:var(--h2_typography-line-height);--awb-caption-title-letter-spacing:var(--h2_typography-letter-spacing);\"><span class=\" fusion-imageframe imageframe-none imageframe-1 hover-type-none\" style=\"border-radius:5px;\"><img decoding=\"async\" width=\"844\" height=\"844\" alt=\"Messe Medical Technology Ulm Juli 2025\" title=\"medical-technology-ulm-2025\" src=\"https:\/\/www.m-a-i.de\/wp-content\/uploads\/2025\/04\/medical-technology-ulm-2025.png?wsr\" data-orig-src=\"https:\/\/www.m-a-i.de\/wp-content\/uploads\/2025\/04\/medical-technology-ulm-2025.png\" class=\"lazyload img-responsive wp-image-7550\" srcset=\"data:image\/svg+xml,%3Csvg%20xmlns%3D%27http%3A%2F%2Fwww.w3.org%2F2000%2Fsvg%27%20width%3D%27844%27%20height%3D%27844%27%20viewBox%3D%270%200%20844%20844%27%3E%3Crect%20width%3D%27844%27%20height%3D%27844%27%20fill-opacity%3D%220%22%2F%3E%3C%2Fsvg%3E\" data-srcset=\"https:\/\/www.m-a-i.de\/wp-content\/uploads\/2025\/04\/medical-technology-ulm-2025-200x200.png 200w, https:\/\/www.m-a-i.de\/wp-content\/uploads\/2025\/04\/medical-technology-ulm-2025-400x400.png 400w, https:\/\/www.m-a-i.de\/wp-content\/uploads\/2025\/04\/medical-technology-ulm-2025-600x600.png 600w, https:\/\/www.m-a-i.de\/wp-content\/uploads\/2025\/04\/medical-technology-ulm-2025-800x800.png 800w, https:\/\/www.m-a-i.de\/wp-content\/uploads\/2025\/04\/medical-technology-ulm-2025.png 844w\" data-sizes=\"auto\" data-orig-sizes=\"(max-width: 640px) 100vw, 600px\" \/><\/span><\/div><\/div><\/div><div class=\"fusion-layout-column fusion_builder_column fusion-builder-column-1 fusion_builder_column_3_5 3_5 fusion-flex-column\" style=\"--awb-padding-top:32px;--awb-padding-right:40px;--awb-padding-bottom:32px;--awb-padding-left:40px;--awb-overflow:hidden;--awb-bg-color:rgba(255,255,255,0);--awb-bg-color-hover:rgba(255,255,255,0);--awb-bg-size:cover;--awb-border-color:var(--awb-custom_color_3);--awb-border-top:1px;--awb-border-right:1px;--awb-border-bottom:1px;--awb-border-left:1px;--awb-border-style:solid;--awb-border-radius:16px 16px 16px 16px;--awb-width-large:60%;--awb-margin-top-large:16px;--awb-spacing-right-large:1.6333333333333%;--awb-margin-bottom-large:0px;--awb-spacing-left-large:1.6333333333333%;--awb-width-medium:66.666666666667%;--awb-order-medium:0;--awb-spacing-right-medium:1.47%;--awb-spacing-left-medium:1.47%;--awb-width-small:100%;--awb-order-small:0;--awb-spacing-right-small:0.98%;--awb-spacing-left-small:0.98%;\" data-scroll-devices=\"small-visibility,medium-visibility,large-visibility\"><div class=\"fusion-column-wrapper fusion-column-has-shadow fusion-flex-justify-content-space-between fusion-content-layout-column\"><div class=\"fusion-title title fusion-title-1 fusion-sep-none fusion-title-text fusion-title-size-two\" style=\"--awb-text-color:var(--awb-custom_color_3);--awb-margin-top:0px;--awb-margin-top-small:10px;--awb-margin-right-small:0px;--awb-margin-bottom-small:24px;--awb-margin-left-small:0px;\"><h2 class=\"fusion-title-heading title-heading-left fusion-responsive-typography-calculated\" style=\"margin:0;letter-spacing:var(--awb-typography2-letter-spacing);text-transform:var(--awb-typography2-text-transform);--fontSize:60;line-height:1.12;\"><h2>\u00a1VIS\u00cdTANOS EN LA TECNOLOG\u00cdA M\u00c9DICA DE ULM!<\/h2><\/h2><\/div><div style=\"text-align:center;\"><a class=\"fusion-button button-flat fusion-button-default-size button-default fusion-button-default button-1 fusion-button-default-span fusion-button-default-type\" target=\"_self\" href=\"https:\/\/medtechgermany2025.eventreference.com\/register.php?k=040240cc4075cab68e1987514cdd4e6204e77c44%3Ae9a9f636d651b4d0fd156bc81d700eeafe4da90a&amp;\"><span class=\"fusion-button-text awb-button__text awb-button__text--default\">Consigue tu entrada gratuita<\/span><\/a><\/div><div class=\"fusion-countdown fusion-countdown-1 fusion-countdown-floated fusion-countdown-label-text_flow fusion-countdown-has-heading\" style=\"--awb-counter-box-color:var(--awb-color1);--awb-counter-text-color:var(--awb-custom_color_3);--awb-label-color:var(--awb-custom_color_3);--awb-background:var(--awb-custom_color_3);--awb-counter-border-size:0;\"><div class=\"fusion-countdown-wrapper\"><div class=\"fusion-countdown-heading-wrapper\"><div class=\"fusion-countdown-subheading\">09. 9. \u2013 10. Juli 2025<\/div><div class=\"fusion-countdown-heading\">Reserva la fecha<\/div><\/div><div class=\"fusion-countdown-counter-wrapper\" id=\"fusion-countdown-1\" data-timer=\"2025-07-09-09-00-00\" data-omit-weeks=\"1\"><div class=\"fusion-dash-wrapper \"><div class=\"fusion-dash fusion-dash-days\"><div class=\"fusion-digit-wrapper\"><div class=\"fusion-thousand-digit fusion-digit\">0<\/div><div class=\"fusion-hundred-digit fusion-digit\">0<\/div><div class=\"fusion-digit\">0<\/div><div class=\"fusion-digit\">0<\/div><\/div><div class=\"fusion-dash-title\">D\u00edas<\/div><\/div><\/div><div class=\"fusion-dash-wrapper \"><div class=\"fusion-dash fusion-dash-hours\"><div class=\"fusion-digit-wrapper\"><div class=\"fusion-digit\">0<\/div><div class=\"fusion-digit\">0<\/div><\/div><div class=\"fusion-dash-title\">Hrs<\/div><\/div><\/div><div class=\"fusion-dash-wrapper \"><div class=\"fusion-dash fusion-dash-minutes\"><div class=\"fusion-digit-wrapper\"><div class=\"fusion-digit\">0<\/div><div class=\"fusion-digit\">0<\/div><\/div><div class=\"fusion-dash-title\">Min<\/div><\/div><\/div><div class=\"fusion-dash-wrapper \"><div class=\"fusion-dash fusion-dash-seconds\"><div class=\"fusion-digit-wrapper\"><div class=\"fusion-digit\">0<\/div><div class=\"fusion-digit\">0<\/div><\/div><div class=\"fusion-dash-title\">Sec<\/div><\/div><\/div><\/div><\/div><\/div><\/div><\/div><\/div><\/div><div class=\"fusion-fullwidth fullwidth-box fusion-builder-row-3 fusion-flex-container has-pattern-background has-mask-background nonhundred-percent-fullwidth non-hundred-percent-height-scrolling fusion-no-medium-visibility fusion-no-large-visibility\" style=\"--awb-border-radius-top-left:0px;--awb-border-radius-top-right:0px;--awb-border-radius-bottom-right:0px;--awb-border-radius-bottom-left:0px;--awb-background-color:var(--awb-color8);--awb-flex-wrap:wrap;\" ><div class=\"awb-background-mask\" style=\"background-image:  url(data:image\/svg+xml;utf8,%3Csvg%20width%3D%221920%22%20height%3D%22954%22%20fill%3D%22none%22%20xmlns%3D%22http%3A%2F%2Fwww.w3.org%2F2000%2Fsvg%22%3E%3Cg%20clip-path%3D%22url%28%23prefix__clip0_58_745%29%22%20fill%3D%22rgba%280%2C134%2C169%2C1%29%22%3E%3Cpath%20d%3D%22M250.018-408.977c69.019-18.494%20142.66%201.238%20193.185%2051.763L718.31-82.107c50.525%2050.525%2070.258%20124.167%2051.764%20193.185L669.378%20486.881c-18.493%2069.019-72.403%20122.928-141.421%20141.422L152.154%20728.999c-69.019%2018.493-142.66-1.239-193.186-51.764l-275.106-275.107c-50.525-50.525-70.258-124.167-51.764-193.185l100.696-375.803c18.493-69.018%2072.403-122.928%20141.421-141.421l375.803-100.696zM1646.73%201264.15c33.13%208.88%2068.48-.59%2092.73-24.84l147.89-147.89a96.031%2096.031%200%200024.85-92.732l-54.13-202.022a96.012%2096.012%200%2000-67.89-67.882l-202.02-54.132c-33.13-8.877-68.47.595-92.73%2024.847l-147.89%20147.89a95.994%2095.994%200%2000-24.84%2092.729l54.13%20202.022a95.967%2095.967%200%200067.88%2067.88l202.02%2054.13zM1572.48%20252.659a23.996%2023.996%200%200023.18%206.211l50.5-13.533a23.97%2023.97%200%200016.97-16.97l13.54-50.506a24.004%2024.004%200%2000-6.21-23.182l-36.98-36.973a23.993%2023.993%200%2000-23.18-6.211l-50.5%2013.533a24%2024%200%2000-16.98%2016.97l-13.53%2050.506a24.004%2024.004%200%20006.21%2023.182l36.98%2036.973z%22%2F%3E%3C%2Fg%3E%3Cdefs%3E%3CclipPath%20id%3D%22prefix__clip0_58_745%22%3E%3Cpath%20fill%3D%22%23fff%22%20d%3D%22M0%200h1920v954H0z%22%2F%3E%3C%2FclipPath%3E%3C%2Fdefs%3E%3C%2Fsvg%3E);opacity: 0.25 ;transform: scale(1, 1);mix-blend-mode:normal;\"><\/div><div class=\"fusion-builder-row fusion-row fusion-flex-align-items-flex-start fusion-flex-justify-content-center fusion-flex-content-wrap\" style=\"max-width:1664px;margin-left: calc(-4% \/ 2 );margin-right: calc(-4% \/ 2 );\"><div class=\"fusion-layout-column fusion_builder_column fusion-builder-column-2 fusion_builder_column_1_1 1_1 fusion-flex-column\" style=\"--awb-padding-top:100px;--awb-padding-bottom:120px;--awb-bg-size:cover;--awb-width-large:100%;--awb-margin-top-large:16px;--awb-spacing-right-large:1.92%;--awb-margin-bottom-large:0px;--awb-spacing-left-large:1.92%;--awb-width-medium:100%;--awb-order-medium:0;--awb-spacing-right-medium:1.92%;--awb-spacing-left-medium:1.92%;--awb-width-small:100%;--awb-order-small:0;--awb-spacing-right-small:1.92%;--awb-spacing-left-small:1.92%;\"><div class=\"fusion-column-wrapper fusion-column-has-shadow fusion-flex-justify-content-flex-start fusion-content-layout-column\"><div class=\"fusion-title title fusion-title-2 fusion-sep-none fusion-title-center fusion-title-text fusion-title-size-three\" style=\"--awb-text-color:var(--awb-color1);--awb-margin-top:0px;--awb-margin-top-small:10px;--awb-margin-right-small:0px;--awb-margin-bottom-small:10px;--awb-margin-left-small:0px;\"><h3 class=\"fusion-title-heading title-heading-center fusion-responsive-typography-calculated\" style=\"margin:0;--fontSize:48;line-height:1.24;\">Ferias y eventos<\/h3><\/div><\/div><\/div><\/div><\/div><div class=\"fusion-fullwidth fullwidth-box fusion-builder-row-4 fusion-flex-container has-pattern-background has-mask-background nonhundred-percent-fullwidth non-hundred-percent-height-scrolling fusion-no-medium-visibility fusion-no-large-visibility\" style=\"--awb-border-radius-top-left:0px;--awb-border-radius-top-right:0px;--awb-border-radius-bottom-right:0px;--awb-border-radius-bottom-left:0px;--awb-flex-wrap:wrap;\" ><div class=\"fusion-builder-row fusion-row fusion-flex-align-items-flex-start fusion-flex-content-wrap\" style=\"max-width:1664px;margin-left: calc(-4% \/ 2 );margin-right: calc(-4% \/ 2 );\"><div class=\"fusion-layout-column fusion_builder_column fusion-builder-column-3 fusion_builder_column_1_1 1_1 fusion-flex-column\" style=\"--awb-bg-size:cover;--awb-width-large:100%;--awb-margin-top-large:16px;--awb-spacing-right-large:1.92%;--awb-margin-bottom-large:16px;--awb-spacing-left-large:1.92%;--awb-width-medium:100%;--awb-order-medium:0;--awb-spacing-right-medium:1.92%;--awb-spacing-left-medium:1.92%;--awb-width-small:100%;--awb-order-small:0;--awb-spacing-right-small:1.92%;--awb-spacing-left-small:1.92%;\"><div class=\"fusion-column-wrapper fusion-column-has-shadow fusion-flex-justify-content-flex-start fusion-content-layout-column\"><div class=\"fusion-text fusion-text-2\"><p>Estamos representados en varias ferias de todo el mundo y estamos deseando presentarte en persona nuestras \u00faltimas innovaciones y soluciones de automatizaci\u00f3n personalizadas. D\u00e9janos inspirarte con nuestras tecnolog\u00edas pioneras y descubre c\u00f3mo podemos superar juntos tus retos.<\/p>\n<\/div><div class=\"fusion-text fusion-text-3\"><p>\u00bfTienes preguntas sobre ferias y\/o eventos? No dudes en ponerte en contacto con nuestro departamento de <a href=\"https:\/\/www.m-a-i.de\/es\/marketing\/\"><span style=\"color: #0086aa;\"><strong>marketing<\/strong><\/span><\/a> \u00a1marketing!<\/p>\n<\/div><\/div><\/div><\/div><\/div><div class=\"fusion-fullwidth fullwidth-box fusion-builder-row-5 fusion-flex-container has-pattern-background has-mask-background nonhundred-percent-fullwidth non-hundred-percent-height-scrolling fusion-no-medium-visibility fusion-no-large-visibility\" style=\"--awb-border-radius-top-left:0px;--awb-border-radius-top-right:0px;--awb-border-radius-bottom-right:0px;--awb-border-radius-bottom-left:0px;--awb-flex-wrap:wrap;\" ><div class=\"fusion-builder-row fusion-row fusion-flex-align-items-flex-start fusion-flex-content-wrap\" style=\"max-width:1664px;margin-left: calc(-4% \/ 2 );margin-right: calc(-4% \/ 2 );\"><div class=\"fusion-layout-column fusion_builder_column fusion-builder-column-4 fusion_builder_column_1_1 1_1 fusion-flex-column\" style=\"--awb-bg-size:cover;--awb-width-large:100%;--awb-margin-top-large:16px;--awb-spacing-right-large:1.92%;--awb-margin-bottom-large:16px;--awb-spacing-left-large:1.92%;--awb-width-medium:100%;--awb-order-medium:0;--awb-spacing-right-medium:1.92%;--awb-spacing-left-medium:1.92%;--awb-width-small:100%;--awb-order-small:0;--awb-spacing-right-small:1.92%;--awb-spacing-left-small:1.92%;\"><div class=\"fusion-column-wrapper fusion-column-has-shadow fusion-flex-justify-content-flex-start fusion-content-layout-column\"><div class=\"fusion-title title fusion-title-3 fusion-sep-none fusion-title-text fusion-title-size-two\" style=\"--awb-text-color:var(--awb-color3);--awb-margin-top-small:10px;--awb-margin-right-small:0px;--awb-margin-bottom-small:10px;--awb-margin-left-small:0px;\"><h2 class=\"fusion-title-heading title-heading-left fusion-responsive-typography-calculated\" style=\"margin:0;--fontSize:60;line-height:1.12;\">\u00a1Vis\u00edtanos en Tecnolog\u00eda M\u00e9dica en Ulm del 9 al 10 de julio de 2025!<\/h2><\/div><div class=\"fusion-text fusion-text-4\"><p>\u00a1Estamos all\u00ed! En   <strong>9 y 10 de julio de 2025 <\/strong> participamos en Tecnolog\u00eda M\u00e9dica <strong>en Ulm<\/strong>.<br \/>\nFundada originalmente como Tecnolog\u00eda M\u00e9dica de Irlanda en Galway en 2017, esta renombrada feria es ahora uno de los eventos de Tecnolog\u00eda M\u00e9dica m\u00e1s importantes de Europa. Este a\u00f1o se celebra por primera vez en Alemania. Estamos deseando participar en este emocionante evento, presentar nuestras soluciones innovadoras y establecer contactos.<\/p>\n<\/div><div style=\"text-align:center;\"><a class=\"fusion-button button-flat fusion-button-default-size button-default fusion-button-default button-2 fusion-button-default-span fusion-button-default-type\" target=\"_self\" href=\"https:\/\/medtechgermany2025.eventreference.com\/register.php?k=040240cc4075cab68e1987514cdd4e6204e77c44%3Ae9a9f636d651b4d0fd156bc81d700eeafe4da90a&amp;\"><span class=\"fusion-button-text awb-button__text awb-button__text--default\">Consigue tu entrada gratuita<\/span><\/a><\/div><div class=\"fusion-image-element \" style=\"--awb-caption-title-font-family:var(--h2_typography-font-family);--awb-caption-title-font-weight:var(--h2_typography-font-weight);--awb-caption-title-font-style:var(--h2_typography-font-style);--awb-caption-title-size:var(--h2_typography-font-size);--awb-caption-title-transform:var(--h2_typography-text-transform);--awb-caption-title-line-height:var(--h2_typography-line-height);--awb-caption-title-letter-spacing:var(--h2_typography-letter-spacing);\"><span class=\" fusion-imageframe imageframe-none imageframe-2 hover-type-none\" style=\"border-radius:5px;\"><img decoding=\"async\" width=\"844\" height=\"844\" alt=\"Messe Medical Technology Ulm Juli 2025\" title=\"medical-technology-ulm-2025\" src=\"https:\/\/www.m-a-i.de\/wp-content\/uploads\/2025\/04\/medical-technology-ulm-2025.png?wsr\" data-orig-src=\"https:\/\/www.m-a-i.de\/wp-content\/uploads\/2025\/04\/medical-technology-ulm-2025.png\" class=\"lazyload img-responsive wp-image-7550\" srcset=\"data:image\/svg+xml,%3Csvg%20xmlns%3D%27http%3A%2F%2Fwww.w3.org%2F2000%2Fsvg%27%20width%3D%27844%27%20height%3D%27844%27%20viewBox%3D%270%200%20844%20844%27%3E%3Crect%20width%3D%27844%27%20height%3D%27844%27%20fill-opacity%3D%220%22%2F%3E%3C%2Fsvg%3E\" data-srcset=\"https:\/\/www.m-a-i.de\/wp-content\/uploads\/2025\/04\/medical-technology-ulm-2025-200x200.png 200w, https:\/\/www.m-a-i.de\/wp-content\/uploads\/2025\/04\/medical-technology-ulm-2025-400x400.png 400w, https:\/\/www.m-a-i.de\/wp-content\/uploads\/2025\/04\/medical-technology-ulm-2025-600x600.png 600w, https:\/\/www.m-a-i.de\/wp-content\/uploads\/2025\/04\/medical-technology-ulm-2025-800x800.png 800w, https:\/\/www.m-a-i.de\/wp-content\/uploads\/2025\/04\/medical-technology-ulm-2025.png 844w\" data-sizes=\"auto\" data-orig-sizes=\"(max-width: 640px) 100vw, 844px\" \/><\/span><\/div><div class=\"fusion-countdown fusion-countdown-2 fusion-countdown-floated fusion-countdown-label-text_flow fusion-countdown-has-heading\" style=\"--awb-counter-box-color:var(--awb-color1);--awb-counter-text-color:var(--awb-custom_color_3);--awb-label-color:var(--awb-custom_color_3);--awb-background:var(--awb-custom_color_3);--awb-counter-border-size:0;\"><div class=\"fusion-countdown-wrapper\"><div class=\"fusion-countdown-heading-wrapper\"><div class=\"fusion-countdown-subheading\">09. 9. \u2013 10. Juli 2025<\/div><div class=\"fusion-countdown-heading\">Reserva la fecha<\/div><\/div><div class=\"fusion-countdown-counter-wrapper\" id=\"fusion-countdown-2\" data-timer=\"2025-07-09-09-00-00\" data-omit-weeks=\"1\"><div class=\"fusion-dash-wrapper \"><div class=\"fusion-dash fusion-dash-days\"><div class=\"fusion-digit-wrapper\"><div class=\"fusion-thousand-digit fusion-digit\">0<\/div><div class=\"fusion-hundred-digit fusion-digit\">0<\/div><div class=\"fusion-digit\">0<\/div><div class=\"fusion-digit\">0<\/div><\/div><div class=\"fusion-dash-title\">D\u00edas<\/div><\/div><\/div><div class=\"fusion-dash-wrapper \"><div class=\"fusion-dash fusion-dash-hours\"><div class=\"fusion-digit-wrapper\"><div class=\"fusion-digit\">0<\/div><div class=\"fusion-digit\">0<\/div><\/div><div class=\"fusion-dash-title\">Hrs<\/div><\/div><\/div><div class=\"fusion-dash-wrapper \"><div class=\"fusion-dash fusion-dash-minutes\"><div class=\"fusion-digit-wrapper\"><div class=\"fusion-digit\">0<\/div><div class=\"fusion-digit\">0<\/div><\/div><div class=\"fusion-dash-title\">Min<\/div><\/div><\/div><div class=\"fusion-dash-wrapper \"><div class=\"fusion-dash fusion-dash-seconds\"><div class=\"fusion-digit-wrapper\"><div class=\"fusion-digit\">0<\/div><div class=\"fusion-digit\">0<\/div><\/div><div class=\"fusion-dash-title\">Sec<\/div><\/div><\/div><\/div><\/div><\/div><\/div><\/div><\/div><\/div><div class=\"fusion-fullwidth fullwidth-box fusion-builder-row-6 fusion-flex-container has-pattern-background has-mask-background nonhundred-percent-fullwidth non-hundred-percent-height-scrolling fusion-no-medium-visibility fusion-no-large-visibility\" style=\"--awb-border-radius-top-left:0px;--awb-border-radius-top-right:0px;--awb-border-radius-bottom-right:0px;--awb-border-radius-bottom-left:0px;--awb-flex-wrap:wrap;\" ><div class=\"fusion-builder-row fusion-row fusion-flex-align-items-flex-start fusion-flex-content-wrap\" style=\"max-width:1664px;margin-left: calc(-4% \/ 2 );margin-right: calc(-4% \/ 2 );\"><div class=\"fusion-layout-column fusion_builder_column fusion-builder-column-5 fusion_builder_column_1_1 1_1 fusion-flex-column\" style=\"--awb-bg-size:cover;--awb-width-large:100%;--awb-margin-top-large:16px;--awb-spacing-right-large:1.92%;--awb-margin-bottom-large:16px;--awb-spacing-left-large:1.92%;--awb-width-medium:100%;--awb-order-medium:0;--awb-spacing-right-medium:1.92%;--awb-spacing-left-medium:1.92%;--awb-width-small:100%;--awb-order-small:0;--awb-spacing-right-small:1.92%;--awb-spacing-left-small:1.92%;\"><div class=\"fusion-column-wrapper fusion-column-has-shadow fusion-flex-justify-content-flex-start fusion-content-layout-column\"><div class=\"fusion-title title fusion-title-4 fusion-sep-none fusion-title-text fusion-title-size-two\" style=\"--awb-margin-top-small:10px;--awb-margin-right-small:0px;--awb-margin-bottom-small:10px;--awb-margin-left-small:0px;\"><h2 class=\"fusion-title-heading title-heading-left fusion-responsive-typography-calculated\" style=\"margin:0;--fontSize:60;line-height:1.12;\">Compamed D\u00fcsseldorf 17 al 20 de noviembre de 2025<\/h2><\/div><div class=\"fusion-text fusion-text-5\"><p>Vis\u00edtanos en <b>COMPAMED de D\u00fcsseldorf<\/b>, la principal feria internacional de <b>proveedores de tecnolog\u00eda m\u00e9dica<\/b>, del <b>17 al 20 de noviembre de 2025<\/b>.<\/p>\n<\/div><div class=\"fusion-image-element \" style=\"--awb-margin-top:10px;--awb-margin-right:10px;--awb-margin-bottom:10px;--awb-margin-left:10px;--awb-caption-title-font-family:var(--h2_typography-font-family);--awb-caption-title-font-weight:var(--h2_typography-font-weight);--awb-caption-title-font-style:var(--h2_typography-font-style);--awb-caption-title-size:var(--h2_typography-font-size);--awb-caption-title-transform:var(--h2_typography-text-transform);--awb-caption-title-line-height:var(--h2_typography-line-height);--awb-caption-title-letter-spacing:var(--h2_typography-letter-spacing);\"><span class=\" fusion-imageframe imageframe-none imageframe-3 hover-type-none\"><img decoding=\"async\" width=\"1130\" height=\"1130\" alt=\"Messe Compamed D\u00fcsseldorf November 2025\" title=\"compamed-2025\" src=\"data:image\/svg+xml,%3Csvg%20xmlns%3D%27http%3A%2F%2Fwww.w3.org%2F2000%2Fsvg%27%20width%3D%271130%27%20height%3D%271130%27%20viewBox%3D%270%200%201130%201130%27%3E%3Crect%20width%3D%271130%27%20height%3D%271130%27%20fill-opacity%3D%220%22%2F%3E%3C%2Fsvg%3E\" data-orig-src=\"https:\/\/www.m-a-i.de\/wp-content\/uploads\/2025\/04\/compamed-2025-e1746109781903.jpg\" class=\"lazyload img-responsive wp-image-6938\"\/><\/span><\/div><div class=\"fusion-countdown fusion-countdown-3 fusion-countdown-floated fusion-countdown-label-text_flow\" style=\"--awb-counter-border-size:0;\"><div class=\"fusion-countdown-wrapper\"><div class=\"fusion-countdown-counter-wrapper awb-flex-grow\" id=\"fusion-countdown-3\" data-gmt-offset=\"0\" data-timer=\"2025-11-17-09-00-00\" data-omit-weeks=\"1\"><div class=\"fusion-dash-wrapper \"><div class=\"fusion-dash fusion-dash-days\"><div class=\"fusion-digit-wrapper\"><div class=\"fusion-thousand-digit fusion-digit\">0<\/div><div class=\"fusion-hundred-digit fusion-digit\">0<\/div><div class=\"fusion-digit\">0<\/div><div class=\"fusion-digit\">0<\/div><\/div><div class=\"fusion-dash-title\">D\u00edas<\/div><\/div><\/div><div class=\"fusion-dash-wrapper \"><div class=\"fusion-dash fusion-dash-hours\"><div class=\"fusion-digit-wrapper\"><div class=\"fusion-digit\">0<\/div><div class=\"fusion-digit\">0<\/div><\/div><div class=\"fusion-dash-title\">Hrs<\/div><\/div><\/div><div class=\"fusion-dash-wrapper \"><div class=\"fusion-dash fusion-dash-minutes\"><div class=\"fusion-digit-wrapper\"><div class=\"fusion-digit\">0<\/div><div class=\"fusion-digit\">0<\/div><\/div><div class=\"fusion-dash-title\">Min<\/div><\/div><\/div><div class=\"fusion-dash-wrapper \"><div class=\"fusion-dash fusion-dash-seconds\"><div class=\"fusion-digit-wrapper\"><div class=\"fusion-digit\">0<\/div><div class=\"fusion-digit\">0<\/div><\/div><div class=\"fusion-dash-title\">Sec<\/div><\/div><\/div><\/div><\/div><\/div><\/div><\/div><\/div><\/div><div class=\"fusion-fullwidth fullwidth-box fusion-builder-row-7 fusion-flex-container has-pattern-background has-mask-background nonhundred-percent-fullwidth non-hundred-percent-height-scrolling fusion-no-small-visibility\" style=\"--awb-border-radius-top-left:0px;--awb-border-radius-top-right:0px;--awb-border-radius-bottom-right:0px;--awb-border-radius-bottom-left:0px;--awb-padding-top:72px;--awb-background-color:rgba(255,255,255,0);--awb-flex-wrap:wrap;\" ><div class=\"fusion-builder-row fusion-row fusion-flex-align-items-center fusion-flex-justify-content-center fusion-flex-content-wrap\" style=\"max-width:calc( 1600px + 20px );margin-left: calc(-20px \/ 2 );margin-right: calc(-20px \/ 2 );\"><div class=\"fusion-layout-column fusion_builder_column fusion-builder-column-6 fusion_builder_column_3_4 3_4 fusion-flex-column\" style=\"--awb-bg-size:cover;--awb-width-large:75%;--awb-margin-top-large:16px;--awb-spacing-right-large:10px;--awb-margin-bottom-large:0px;--awb-spacing-left-large:10px;--awb-width-medium:75%;--awb-order-medium:0;--awb-spacing-right-medium:10px;--awb-spacing-left-medium:10px;--awb-width-small:100%;--awb-order-small:0;--awb-spacing-right-small:10px;--awb-spacing-left-small:10px;\"><div class=\"fusion-column-wrapper fusion-column-has-shadow fusion-flex-justify-content-flex-start fusion-content-layout-column\"><div class=\"fusion-title title fusion-title-5 fusion-sep-none fusion-title-center fusion-title-text fusion-title-size-two\" style=\"--awb-text-color:var(--awb-color3);--awb-margin-top:4px;--awb-margin-top-small:10px;--awb-margin-right-small:0px;--awb-margin-bottom-small:10px;--awb-margin-left-small:0px;\"><h2 class=\"fusion-title-heading title-heading-center fusion-responsive-typography-calculated\" style=\"margin:0;letter-spacing:var(--awb-typography2-letter-spacing);text-transform:var(--awb-typography2-text-transform);--fontSize:60;line-height:1.12;\">OTRAS MEDIDAS<\/h2><\/div><div class=\"fusion-text fusion-text-6\" style=\"--awb-content-alignment:center;--awb-font-size:var(--awb-typography4-font-size);--awb-line-height:var(--awb-typography4-line-height);--awb-letter-spacing:var(--awb-typography4-letter-spacing);--awb-text-transform:var(--awb-typography4-text-transform);--awb-text-color:var(--awb-color8);--awb-text-font-family:var(--awb-typography4-font-family);--awb-text-font-weight:var(--awb-typography4-font-weight);--awb-text-font-style:var(--awb-typography4-font-style);\"><p>Estamos representados en varias ferias de todo el mundo y estamos deseando presentarte en persona nuestras \u00faltimas innovaciones y soluciones de automatizaci\u00f3n personalizadas. D\u00e9janos inspirarte con nuestras tecnolog\u00edas pioneras y descubre c\u00f3mo podemos superar juntos tus retos.<\/p>\n<\/div><div class=\"fusion-text fusion-text-7\"><p style=\"text-align: center;\">\u00bfTienes preguntas sobre ferias y\/o eventos? No dudes en ponerte en contacto con nuestro departamento de <a href=\"https:\/\/www.m-a-i.de\/es\/marketing\/\"><span style=\"color: #0086aa;\"><strong>marketing<\/strong><\/span><\/a> \u00a1marketing! <\/p>\n<\/div><\/div><\/div><\/div><\/div><div class=\"fusion-fullwidth fullwidth-box fusion-builder-row-8 fusion-flex-container has-pattern-background has-mask-background nonhundred-percent-fullwidth non-hundred-percent-height-scrolling fusion-no-small-visibility\" style=\"--awb-border-sizes-top:0px;--awb-border-sizes-bottom:0px;--awb-border-sizes-left:0px;--awb-border-sizes-right:0px;--awb-border-radius-top-left:0px;--awb-border-radius-top-right:0px;--awb-border-radius-bottom-right:0px;--awb-border-radius-bottom-left:0px;--awb-padding-top:50px;--awb-padding-right:30px;--awb-padding-bottom:0px;--awb-padding-left:30px;--awb-padding-top-medium:0px;--awb-padding-right-small:60px;--awb-padding-left-small:60px;--awb-margin-top:0px;--awb-margin-bottom:50px;--awb-background-color:var(--awb-color2);--awb-flex-wrap:wrap;\" ><div class=\"fusion-builder-row fusion-row fusion-flex-align-items-center fusion-flex-content-wrap\" style=\"max-width:1664px;margin-left: calc(-4% \/ 2 );margin-right: calc(-4% \/ 2 );\"><div class=\"fusion-layout-column fusion_builder_column fusion-builder-column-7 fusion_builder_column_1_2 1_2 fusion-flex-column fusion-animated\" style=\"--awb-padding-top-small:48px;--awb-padding-right-small:48px;--awb-padding-bottom-small:48px;--awb-padding-left-small:48px;--awb-bg-size:cover;--awb-width-large:50%;--awb-margin-top-large:0px;--awb-spacing-right-large:17.28%;--awb-margin-bottom-large:60px;--awb-spacing-left-large:17.28%;--awb-width-medium:50%;--awb-spacing-right-medium:9.6%;--awb-spacing-left-medium:13.44%;--awb-width-small:100%;--awb-order-small:5;--awb-spacing-right-small:1.92%;--awb-margin-bottom-small:0px;--awb-spacing-left-small:1.92%;\" data-animationType=\"fadeInRight\" data-animationDuration=\"1.6\" data-animationOffset=\"top-into-view\"><div class=\"fusion-column-wrapper fusion-column-has-shadow fusion-flex-justify-content-flex-start fusion-content-layout-column\"><div class=\"fusion-title title fusion-title-6 fusion-sep-none fusion-title-text fusion-title-size-four\" style=\"--awb-text-color:var(--awb-color8);--awb-margin-bottom:20px;--awb-margin-top-small:10px;--awb-margin-right-small:0px;--awb-margin-bottom-small:10px;--awb-margin-left-small:0px;\"><h4 class=\"fusion-title-heading title-heading-left fusion-responsive-typography-calculated\" style=\"margin:0;--fontSize:28;line-height:1.32;\">Compamed<\/h4><\/div><div class=\"fusion-text fusion-text-8 fusion-text-no-margin\" style=\"--awb-font-size:var(--awb-typography4-font-size);--awb-line-height:var(--awb-typography4-line-height);--awb-letter-spacing:var(--awb-typography4-letter-spacing);--awb-text-transform:var(--awb-typography4-text-transform);--awb-text-color:hsla(var(--awb-color8-h),var(--awb-color8-s),var(--awb-color8-l),calc(var(--awb-color8-a) - 20%));--awb-margin-bottom:40px;--awb-text-font-family:var(--awb-typography4-font-family);--awb-text-font-weight:var(--awb-typography4-font-weight);--awb-text-font-style:var(--awb-typography4-font-style);\"><p>Vis\u00edtanos en <b>COMPAMED de D\u00fcsseldorf<\/b>, la principal feria internacional de <b>proveedores de tecnolog\u00eda m\u00e9dica<\/b>, del <b>17 al 20 de noviembre de 2025<\/b>.<\/p>\n<\/div><div class=\"fusion-countdown fusion-countdown-4 fusion-countdown-floated fusion-countdown-label-text_flow\" style=\"--awb-counter-border-size:0;\"><div class=\"fusion-countdown-wrapper\"><div class=\"fusion-countdown-counter-wrapper awb-flex-grow\" id=\"fusion-countdown-4\" data-gmt-offset=\"0\" data-timer=\"2025-11-17-09-00-00\" data-omit-weeks=\"1\"><div class=\"fusion-dash-wrapper \"><div class=\"fusion-dash fusion-dash-days\"><div class=\"fusion-digit-wrapper\"><div class=\"fusion-thousand-digit fusion-digit\">0<\/div><div class=\"fusion-hundred-digit fusion-digit\">0<\/div><div class=\"fusion-digit\">0<\/div><div class=\"fusion-digit\">0<\/div><\/div><div class=\"fusion-dash-title\">D\u00edas<\/div><\/div><\/div><div class=\"fusion-dash-wrapper \"><div class=\"fusion-dash fusion-dash-hours\"><div class=\"fusion-digit-wrapper\"><div class=\"fusion-digit\">0<\/div><div class=\"fusion-digit\">0<\/div><\/div><div class=\"fusion-dash-title\">Hrs<\/div><\/div><\/div><div class=\"fusion-dash-wrapper \"><div class=\"fusion-dash fusion-dash-minutes\"><div class=\"fusion-digit-wrapper\"><div class=\"fusion-digit\">0<\/div><div class=\"fusion-digit\">0<\/div><\/div><div class=\"fusion-dash-title\">Min<\/div><\/div><\/div><div class=\"fusion-dash-wrapper \"><div class=\"fusion-dash fusion-dash-seconds\"><div class=\"fusion-digit-wrapper\"><div class=\"fusion-digit\">0<\/div><div class=\"fusion-digit\">0<\/div><\/div><div class=\"fusion-dash-title\">Sec<\/div><\/div><\/div><\/div><\/div><\/div><\/div><\/div><div class=\"fusion-layout-column fusion_builder_column fusion-builder-column-8 fusion_builder_column_1_2 1_2 fusion-flex-column fusion-animated\" style=\"--awb-bg-size:cover;--awb-width-large:50%;--awb-margin-top-large:0px;--awb-spacing-right-large:7.68%;--awb-margin-bottom-large:60px;--awb-spacing-left-large:7.68%;--awb-width-medium:50%;--awb-order-medium:0;--awb-spacing-right-medium:7.68%;--awb-spacing-left-medium:7.68%;--awb-width-small:100%;--awb-order-small:2;--awb-spacing-right-small:1.92%;--awb-margin-bottom-small:0px;--awb-spacing-left-small:1.92%;\" data-animationType=\"fadeInLeft\" data-animationDuration=\"1.6\" data-animationOffset=\"top-into-view\"><div class=\"fusion-column-wrapper fusion-column-has-shadow fusion-flex-justify-content-center fusion-content-layout-column\"><div class=\"fusion-image-element \" style=\"--awb-caption-title-font-family:var(--h2_typography-font-family);--awb-caption-title-font-weight:var(--h2_typography-font-weight);--awb-caption-title-font-style:var(--h2_typography-font-style);--awb-caption-title-size:var(--h2_typography-font-size);--awb-caption-title-transform:var(--h2_typography-text-transform);--awb-caption-title-line-height:var(--h2_typography-line-height);--awb-caption-title-letter-spacing:var(--h2_typography-letter-spacing);\"><span class=\" fusion-imageframe imageframe-none imageframe-4 hover-type-none\" style=\"border-radius:15px;\"><img decoding=\"async\" width=\"1130\" height=\"1130\" alt=\"Messe Compamed D\u00fcsseldorf November 2025\" title=\"compamed-2025\" src=\"data:image\/svg+xml,%3Csvg%20xmlns%3D%27http%3A%2F%2Fwww.w3.org%2F2000%2Fsvg%27%20width%3D%271130%27%20height%3D%271130%27%20viewBox%3D%270%200%201130%201130%27%3E%3Crect%20width%3D%271130%27%20height%3D%271130%27%20fill-opacity%3D%220%22%2F%3E%3C%2Fsvg%3E\" data-orig-src=\"https:\/\/www.m-a-i.de\/wp-content\/uploads\/2025\/04\/compamed-2025-e1746109781903.jpg\" class=\"lazyload img-responsive wp-image-6938\"\/><\/span><\/div><\/div><\/div><\/div><\/div><div class=\"fusion-fullwidth fullwidth-box fusion-builder-row-9 fusion-flex-container has-pattern-background has-mask-background nonhundred-percent-fullwidth non-hundred-percent-height-scrolling fusion-no-small-visibility\" style=\"--awb-border-sizes-top:0px;--awb-border-sizes-bottom:0px;--awb-border-sizes-left:0px;--awb-border-sizes-right:0px;--awb-border-radius-top-left:0px;--awb-border-radius-top-right:0px;--awb-border-radius-bottom-right:0px;--awb-border-radius-bottom-left:0px;--awb-padding-top:7px;--awb-padding-right:30px;--awb-padding-bottom:0px;--awb-padding-left:30px;--awb-padding-top-medium:36px;--awb-padding-bottom-medium:20px;--awb-padding-right-small:60px;--awb-padding-left-small:60px;--awb-margin-top:0px;--awb-margin-bottom:0px;--awb-background-color:var(--awb-color1);--awb-flex-wrap:wrap;\" ><div class=\"fusion-builder-row fusion-row fusion-flex-align-items-flex-start fusion-flex-justify-content-center fusion-flex-content-wrap\" style=\"max-width:1664px;margin-left: calc(-4% \/ 2 );margin-right: calc(-4% \/ 2 );\"><div class=\"fusion-layout-column fusion_builder_column fusion-builder-column-9 fusion_builder_column_3_5 3_5 fusion-flex-column fusion-animated\" style=\"--awb-bg-size:cover;--awb-width-large:60%;--awb-margin-top-large:0px;--awb-spacing-right-large:3.2%;--awb-margin-bottom-large:0px;--awb-spacing-left-large:3.2%;--awb-width-medium:80%;--awb-spacing-right-medium:2.4%;--awb-spacing-left-medium:2.4%;--awb-width-small:100%;--awb-spacing-right-small:1.92%;--awb-margin-bottom-small:32px;--awb-spacing-left-small:1.92%;\" data-animationType=\"fadeInDown\" data-animationDuration=\"1.6\" data-animationOffset=\"top-into-view\"><div class=\"fusion-column-wrapper fusion-column-has-shadow fusion-flex-justify-content-flex-start fusion-content-layout-column\"><div class=\"fusion-title title fusion-title-7 fusion-sep-none fusion-title-center fusion-title-text fusion-title-size-one\" style=\"--awb-text-color:var(--awb-color8);--awb-margin-top:0px;--awb-margin-bottom:20px;--awb-margin-top-small:10px;--awb-margin-right-small:0px;--awb-margin-bottom-small:10px;--awb-margin-left-small:0px;\"><h1 class=\"fusion-title-heading title-heading-center fusion-responsive-typography-calculated\" style=\"margin:0;--fontSize:72;line-height:var(--awb-typography1-line-height);\">Revisa<\/h1><\/div><div class=\"fusion-text fusion-text-9 fusion-text-no-margin\" style=\"--awb-content-alignment:center;--awb-font-size:var(--awb-typography4-font-size);--awb-line-height:var(--awb-typography4-line-height);--awb-letter-spacing:var(--awb-typography4-letter-spacing);--awb-text-transform:var(--awb-typography4-text-transform);--awb-text-color:hsla(var(--awb-color8-h),var(--awb-color8-s),var(--awb-color8-l),calc(var(--awb-color8-a) - 20%));--awb-margin-bottom:40px;--awb-text-font-family:var(--awb-typography4-font-family);--awb-text-font-weight:var(--awb-typography4-font-weight);--awb-text-font-style:var(--awb-typography4-font-style);\"><p>sobre ferias pasadas<\/p>\n<\/div><\/div><\/div><\/div><\/div><div class=\"fusion-fullwidth fullwidth-box fusion-builder-row-10 fusion-flex-container has-pattern-background has-mask-background nonhundred-percent-fullwidth non-hundred-percent-height-scrolling fusion-no-medium-visibility fusion-no-large-visibility\" style=\"--awb-border-sizes-top:0px;--awb-border-sizes-bottom:0px;--awb-border-sizes-left:0px;--awb-border-sizes-right:0px;--awb-border-radius-top-left:0px;--awb-border-radius-top-right:0px;--awb-border-radius-bottom-right:0px;--awb-border-radius-bottom-left:0px;--awb-padding-top:0px;--awb-padding-right:30px;--awb-padding-bottom:0px;--awb-padding-left:30px;--awb-padding-top-medium:36px;--awb-padding-bottom-medium:20px;--awb-padding-right-small:60px;--awb-padding-left-small:60px;--awb-margin-top:0px;--awb-margin-bottom:0px;--awb-background-color:var(--awb-color3);--awb-flex-wrap:wrap;\" ><div class=\"fusion-builder-row fusion-row fusion-flex-align-items-flex-start fusion-flex-justify-content-center fusion-flex-content-wrap\" style=\"max-width:1664px;margin-left: calc(-4% \/ 2 );margin-right: calc(-4% \/ 2 );\"><div class=\"fusion-layout-column fusion_builder_column fusion-builder-column-10 fusion_builder_column_1_1 1_1 fusion-flex-column fusion-animated\" style=\"--awb-padding-top:10px;--awb-bg-size:cover;--awb-width-large:100%;--awb-margin-top-large:0px;--awb-spacing-right-large:1.92%;--awb-margin-bottom-large:0px;--awb-spacing-left-large:1.92%;--awb-width-medium:80%;--awb-order-medium:0;--awb-spacing-right-medium:2.4%;--awb-spacing-left-medium:2.4%;--awb-width-small:100%;--awb-order-small:0;--awb-spacing-right-small:1.92%;--awb-margin-bottom-small:32px;--awb-spacing-left-small:1.92%;\" data-animationType=\"fadeInDown\" data-animationDuration=\"1.6\" data-animationOffset=\"top-into-view\" data-scroll-devices=\"small-visibility,medium-visibility,large-visibility\"><div class=\"fusion-column-wrapper fusion-column-has-shadow fusion-flex-justify-content-flex-start fusion-content-layout-column\"><div class=\"fusion-title title fusion-title-8 fusion-sep-none fusion-title-center fusion-title-text fusion-title-size-one\" style=\"--awb-text-color:var(--awb-color1);--awb-margin-top:0px;--awb-margin-bottom:20px;--awb-margin-top-small:10px;--awb-margin-right-small:0px;--awb-margin-bottom-small:10px;--awb-margin-left-small:0px;\"><h1 class=\"fusion-title-heading title-heading-center fusion-responsive-typography-calculated\" style=\"margin:0;--fontSize:72;line-height:var(--awb-typography1-line-height);\">Revisa<\/h1><\/div><div class=\"fusion-text fusion-text-10 fusion-text-no-margin\" style=\"--awb-content-alignment:center;--awb-font-size:var(--awb-typography4-font-size);--awb-line-height:var(--awb-typography4-line-height);--awb-letter-spacing:var(--awb-typography4-letter-spacing);--awb-text-transform:var(--awb-typography4-text-transform);--awb-text-color:#ffffff;--awb-margin-bottom:40px;--awb-text-font-family:var(--awb-typography4-font-family);--awb-text-font-weight:var(--awb-typography4-font-weight);--awb-text-font-style:var(--awb-typography4-font-style);\"><p>sobre ferias pasadas<\/p>\n<\/div><\/div><\/div><\/div><\/div><div class=\"fusion-fullwidth fullwidth-box fusion-builder-row-11 fusion-flex-container has-pattern-background has-mask-background nonhundred-percent-fullwidth non-hundred-percent-height-scrolling fusion-no-small-visibility\" style=\"--awb-border-sizes-top:0px;--awb-border-sizes-bottom:0px;--awb-border-sizes-left:0px;--awb-border-sizes-right:0px;--awb-border-radius-top-left:0px;--awb-border-radius-top-right:0px;--awb-border-radius-bottom-right:0px;--awb-border-radius-bottom-left:0px;--awb-padding-top:80px;--awb-padding-right:30px;--awb-padding-bottom:80px;--awb-padding-left:30px;--awb-padding-top-medium:0px;--awb-padding-right-small:60px;--awb-padding-left-small:60px;--awb-margin-top:0px;--awb-margin-bottom:0px;--awb-background-color:var(--awb-color1);--awb-flex-wrap:wrap;\" ><div class=\"fusion-builder-row fusion-row fusion-flex-align-items-center fusion-flex-content-wrap\" style=\"max-width:1664px;margin-left: calc(-4% \/ 2 );margin-right: calc(-4% \/ 2 );\"><div class=\"fusion-layout-column fusion_builder_column fusion-builder-column-11 fusion_builder_column_1_2 1_2 fusion-flex-column fusion-animated\" style=\"--awb-padding-top-small:48px;--awb-padding-right-small:48px;--awb-padding-bottom-small:48px;--awb-padding-left-small:48px;--awb-bg-size:cover;--awb-width-large:50%;--awb-margin-top-large:0px;--awb-spacing-right-large:17.28%;--awb-margin-bottom-large:60px;--awb-spacing-left-large:17.28%;--awb-width-medium:50%;--awb-spacing-right-medium:9.6%;--awb-spacing-left-medium:13.44%;--awb-width-small:100%;--awb-order-small:1;--awb-spacing-right-small:1.92%;--awb-margin-bottom-small:0px;--awb-spacing-left-small:1.92%;\" data-animationType=\"fadeInRight\" data-animationDuration=\"1.6\" data-animationOffset=\"top-into-view\"><div class=\"fusion-column-wrapper fusion-column-has-shadow fusion-flex-justify-content-flex-start fusion-content-layout-column\"><div class=\"fusion-title title fusion-title-9 fusion-sep-none fusion-title-text fusion-title-size-two\" style=\"--awb-text-color:var(--awb-color8);--awb-margin-bottom:20px;--awb-margin-top-small:10px;--awb-margin-right-small:0px;--awb-margin-bottom-small:10px;--awb-margin-left-small:0px;\"><h2 class=\"fusion-title-heading title-heading-left fusion-responsive-typography-calculated\" style=\"margin:0;--fontSize:60;line-height:1.12;\"><h6>automatica M\u00fanich 2025<\/h6><\/h2><\/div><div class=\"fusion-text fusion-text-11 fusion-text-no-margin\" style=\"--awb-font-size:var(--awb-typography4-font-size);--awb-line-height:var(--awb-typography4-line-height);--awb-letter-spacing:var(--awb-typography4-letter-spacing);--awb-text-transform:var(--awb-typography4-text-transform);--awb-text-color:hsla(var(--awb-color8-h),var(--awb-color8-s),var(--awb-color8-l),calc(var(--awb-color8-a) - 20%));--awb-margin-bottom:40px;--awb-text-font-family:var(--awb-typography4-font-family);--awb-text-font-weight:var(--awb-typography4-font-weight);--awb-text-font-style:var(--awb-typography4-font-style);\"><p class=\"my-0\">Del 24 al 27 de junio de 2025 se celebr\u00f3 en M\u00fanich la feria l\u00edder mundial de automatizaci\u00f3n inteligente y rob\u00f3tica, \u00a1y nosotros estuvimos justo en medio! Junto con unos 800 expositores de 40 pa\u00edses y m\u00e1s de 47.000 visitantes profesionales, experimentamos las \u00faltimas tendencias e innovaciones en rob\u00f3tica, inteligencia artificial y producci\u00f3n automatizada<span class=\"whitespace-nowrap\">.<\/span> <\/p>\n<p class=\"my-0\">La atenci\u00f3n se centr\u00f3 en soluciones pioneras para la producci\u00f3n del ma\u00f1ana: desde rob\u00f3tica asistida por IA y aplicaciones de tecnolog\u00eda sanitaria hasta automatizaci\u00f3n sostenible en red<span class=\"whitespace-nowrap\">.<\/span> automatica nos ofreci\u00f3 una plataforma \u00fanica para el di\u00e1logo con expertos del sector, ponencias inspiradoras y conocimientos pr\u00e1cticos sobre toda la cadena de valor de la automatizaci\u00f3n<span class=\"whitespace-nowrap\">.<\/span><\/p>\n<p class=\"my-0\">Recordamos con entusiasmo los emocionantes d\u00edas de feria, llenos de innovaciones, contactos y nuevos impulsos para el futuro del sector. Muchas gracias a todos los visitantes y socios por el inspirador intercambio: \u00a1ya estamos deseando que llegue la pr\u00f3xima vez! <\/p>\n<\/div><\/div><\/div><div class=\"fusion-layout-column fusion_builder_column fusion-builder-column-12 fusion_builder_column_1_2 1_2 fusion-flex-column fusion-animated\" style=\"--awb-bg-size:cover;--awb-width-large:50%;--awb-margin-top-large:0px;--awb-spacing-right-large:7.68%;--awb-margin-bottom-large:60px;--awb-spacing-left-large:7.68%;--awb-width-medium:50%;--awb-order-medium:0;--awb-spacing-right-medium:7.68%;--awb-spacing-left-medium:7.68%;--awb-width-small:100%;--awb-order-small:0;--awb-margin-top-small:0px;--awb-spacing-right-small:1.92%;--awb-margin-bottom-small:0px;--awb-spacing-left-small:1.92%;\" data-animationType=\"fadeInLeft\" data-animationDuration=\"1.6\" data-animationOffset=\"top-into-view\"><div class=\"fusion-column-wrapper fusion-column-has-shadow fusion-flex-justify-content-center fusion-content-layout-column\"><div class=\"fusion-image-element \" style=\"--awb-caption-title-font-family:var(--h2_typography-font-family);--awb-caption-title-font-weight:var(--h2_typography-font-weight);--awb-caption-title-font-style:var(--h2_typography-font-style);--awb-caption-title-size:var(--h2_typography-font-size);--awb-caption-title-transform:var(--h2_typography-text-transform);--awb-caption-title-line-height:var(--h2_typography-line-height);--awb-caption-title-letter-spacing:var(--h2_typography-letter-spacing);\"><span class=\" fusion-imageframe imageframe-none imageframe-5 hover-type-none\" style=\"border-radius:15px;\"><img decoding=\"async\" width=\"768\" height=\"768\" alt=\"MAi Messestand automatica M\u00fcnchen 2025\" title=\"mai-automatica-2025\" src=\"https:\/\/www.m-a-i.de\/wp-content\/uploads\/mai-automatica-2025.jpg?wsr\" data-orig-src=\"https:\/\/www.m-a-i.de\/wp-content\/uploads\/mai-automatica-2025.jpg\" class=\"lazyload img-responsive wp-image-14977\" srcset=\"data:image\/svg+xml,%3Csvg%20xmlns%3D%27http%3A%2F%2Fwww.w3.org%2F2000%2Fsvg%27%20width%3D%27768%27%20height%3D%27768%27%20viewBox%3D%270%200%20768%20768%27%3E%3Crect%20width%3D%27768%27%20height%3D%27768%27%20fill-opacity%3D%220%22%2F%3E%3C%2Fsvg%3E\" data-srcset=\"https:\/\/www.m-a-i.de\/wp-content\/uploads\/mai-automatica-2025-200x200.jpg 200w, https:\/\/www.m-a-i.de\/wp-content\/uploads\/mai-automatica-2025-400x400.jpg 400w, https:\/\/www.m-a-i.de\/wp-content\/uploads\/mai-automatica-2025-600x600.jpg 600w, https:\/\/www.m-a-i.de\/wp-content\/uploads\/mai-automatica-2025.jpg 768w\" data-sizes=\"auto\" data-orig-sizes=\"(max-width: 640px) 100vw, 768px\" \/><\/span><\/div><\/div><\/div><div class=\"fusion-layout-column fusion_builder_column fusion-builder-column-13 fusion_builder_column_1_2 1_2 fusion-flex-column fusion-animated\" style=\"--awb-bg-size:cover;--awb-width-large:50%;--awb-margin-top-large:0px;--awb-spacing-right-large:7.68%;--awb-margin-bottom-large:60px;--awb-spacing-left-large:7.68%;--awb-width-medium:50%;--awb-order-medium:0;--awb-spacing-right-medium:7.68%;--awb-spacing-left-medium:7.68%;--awb-width-small:100%;--awb-order-small:0;--awb-margin-top-small:0px;--awb-spacing-right-small:1.92%;--awb-margin-bottom-small:0px;--awb-spacing-left-small:1.92%;\" data-animationType=\"fadeInLeft\" data-animationDuration=\"1.6\" data-animationOffset=\"top-into-view\"><div class=\"fusion-column-wrapper fusion-column-has-shadow fusion-flex-justify-content-center fusion-content-layout-column\"><div class=\"fusion-image-element \" style=\"--awb-caption-title-font-family:var(--h2_typography-font-family);--awb-caption-title-font-weight:var(--h2_typography-font-weight);--awb-caption-title-font-style:var(--h2_typography-font-style);--awb-caption-title-size:var(--h2_typography-font-size);--awb-caption-title-transform:var(--h2_typography-text-transform);--awb-caption-title-line-height:var(--h2_typography-line-height);--awb-caption-title-letter-spacing:var(--h2_typography-letter-spacing);\"><span class=\" fusion-imageframe imageframe-none imageframe-6 hover-type-none\" style=\"border-radius:15px;\"><img decoding=\"async\" width=\"768\" height=\"768\" alt=\"Messebesuch Arab Health\" title=\"mai-arab-health-2025\" src=\"https:\/\/www.m-a-i.de\/wp-content\/uploads\/2025\/04\/mai-arab-health-2025.jpg?wsr\" data-orig-src=\"https:\/\/www.m-a-i.de\/wp-content\/uploads\/2025\/04\/mai-arab-health-2025.jpg\" class=\"lazyload img-responsive wp-image-6928\" srcset=\"data:image\/svg+xml,%3Csvg%20xmlns%3D%27http%3A%2F%2Fwww.w3.org%2F2000%2Fsvg%27%20width%3D%27768%27%20height%3D%27768%27%20viewBox%3D%270%200%20768%20768%27%3E%3Crect%20width%3D%27768%27%20height%3D%27768%27%20fill-opacity%3D%220%22%2F%3E%3C%2Fsvg%3E\" data-srcset=\"https:\/\/www.m-a-i.de\/wp-content\/uploads\/2025\/04\/mai-arab-health-2025-200x200.jpg 200w, https:\/\/www.m-a-i.de\/wp-content\/uploads\/2025\/04\/mai-arab-health-2025-400x400.jpg 400w, https:\/\/www.m-a-i.de\/wp-content\/uploads\/2025\/04\/mai-arab-health-2025-600x600.jpg 600w, https:\/\/www.m-a-i.de\/wp-content\/uploads\/2025\/04\/mai-arab-health-2025.jpg 768w\" data-sizes=\"auto\" data-orig-sizes=\"(max-width: 640px) 100vw, 768px\" \/><\/span><\/div><\/div><\/div><div class=\"fusion-layout-column fusion_builder_column fusion-builder-column-14 fusion_builder_column_1_2 1_2 fusion-flex-column fusion-animated\" style=\"--awb-padding-top-small:48px;--awb-padding-right-small:48px;--awb-padding-bottom-small:48px;--awb-padding-left-small:48px;--awb-bg-size:cover;--awb-width-large:50%;--awb-margin-top-large:0px;--awb-spacing-right-large:17.28%;--awb-margin-bottom-large:60px;--awb-spacing-left-large:17.28%;--awb-width-medium:50%;--awb-spacing-right-medium:9.6%;--awb-spacing-left-medium:13.44%;--awb-width-small:100%;--awb-order-small:1;--awb-spacing-right-small:1.92%;--awb-margin-bottom-small:0px;--awb-spacing-left-small:1.92%;\" data-animationType=\"fadeInRight\" data-animationDuration=\"1.6\" data-animationOffset=\"top-into-view\"><div class=\"fusion-column-wrapper fusion-column-has-shadow fusion-flex-justify-content-flex-start fusion-content-layout-column\"><div class=\"fusion-title title fusion-title-10 fusion-sep-none fusion-title-text fusion-title-size-two\" style=\"--awb-text-color:var(--awb-color8);--awb-margin-bottom:20px;--awb-margin-top-small:10px;--awb-margin-right-small:0px;--awb-margin-bottom-small:10px;--awb-margin-left-small:0px;\"><h2 class=\"fusion-title-heading title-heading-left fusion-responsive-typography-calculated\" style=\"margin:0;--fontSize:60;line-height:1.12;\">Arab Health Dubai 2025<\/h2><\/div><div class=\"fusion-text fusion-text-12 fusion-text-no-margin\" style=\"--awb-font-size:var(--awb-typography4-font-size);--awb-line-height:var(--awb-typography4-line-height);--awb-letter-spacing:var(--awb-typography4-letter-spacing);--awb-text-transform:var(--awb-typography4-text-transform);--awb-text-color:hsla(var(--awb-color8-h),var(--awb-color8-s),var(--awb-color8-l),calc(var(--awb-color8-a) - 20%));--awb-margin-bottom:40px;--awb-text-font-family:var(--awb-typography4-font-family);--awb-text-font-weight:var(--awb-typography4-font-weight);--awb-text-font-style:var(--awb-typography4-font-style);\"><p>Del <b>27 al 30 de enero de 2025<\/b>, celebramos nuestro debut en <b>Arab Health, en Dubai<\/b>. Este estreno nos abri\u00f3 interesantes perspectivas en el mercado sanitario de Oriente Medio y nos aport\u00f3 nuevos y valiosos contactos. \u00a1Un comienzo prometedor para nuestra expansi\u00f3n mundial!<\/p>\n<\/div><\/div><\/div><div class=\"fusion-layout-column fusion_builder_column fusion-builder-column-15 fusion_builder_column_1_2 1_2 fusion-flex-column fusion-animated\" style=\"--awb-padding-top-small:48px;--awb-padding-right-small:48px;--awb-padding-bottom-small:48px;--awb-padding-left-small:48px;--awb-bg-size:cover;--awb-width-large:50%;--awb-margin-top-large:0px;--awb-spacing-right-large:17.28%;--awb-margin-bottom-large:60px;--awb-spacing-left-large:17.28%;--awb-width-medium:50%;--awb-spacing-right-medium:9.6%;--awb-spacing-left-medium:13.44%;--awb-width-small:100%;--awb-order-small:5;--awb-spacing-right-small:1.92%;--awb-margin-bottom-small:0px;--awb-spacing-left-small:1.92%;\" data-animationType=\"fadeInRight\" data-animationDuration=\"1.6\" data-animationOffset=\"top-into-view\"><div class=\"fusion-column-wrapper fusion-column-has-shadow fusion-flex-justify-content-flex-start fusion-content-layout-column\"><div class=\"fusion-title title fusion-title-11 fusion-sep-none fusion-title-text fusion-title-size-two\" style=\"--awb-text-color:var(--awb-color8);--awb-margin-bottom:20px;--awb-margin-top-small:10px;--awb-margin-right-small:0px;--awb-margin-bottom-small:10px;--awb-margin-left-small:0px;\"><h2 class=\"fusion-title-heading title-heading-left fusion-responsive-typography-calculated\" style=\"margin:0;--fontSize:60;line-height:1.12;\">Medtec Shanghai 2024<\/h2><\/div><div class=\"fusion-text fusion-text-13 fusion-text-no-margin\" style=\"--awb-font-size:var(--awb-typography4-font-size);--awb-line-height:var(--awb-typography4-line-height);--awb-letter-spacing:var(--awb-typography4-letter-spacing);--awb-text-transform:var(--awb-typography4-text-transform);--awb-text-color:hsla(var(--awb-color8-h),var(--awb-color8-s),var(--awb-color8-l),calc(var(--awb-color8-a) - 20%));--awb-margin-bottom:40px;--awb-text-font-family:var(--awb-typography4-font-family);--awb-text-font-weight:var(--awb-typography4-font-weight);--awb-text-font-style:var(--awb-typography4-font-style);\"><p>Del <b>25 al 27 de septiembre de 2024<\/b>, nuestros colegas de China tuvieron la oportunidad de presentar nuestras innovadoras soluciones de automatizaci\u00f3n en <b>Medtec China, en Shanghai<\/b>. Esta feria es una de las principales del sector de la tecnolog\u00eda m\u00e9dica y volvi\u00f3 a reunir a numerosos representantes internacionales del sector.<\/p>\n<\/div><\/div><\/div><div class=\"fusion-layout-column fusion_builder_column fusion-builder-column-16 fusion_builder_column_1_2 1_2 fusion-flex-column fusion-animated\" style=\"--awb-bg-size:cover;--awb-width-large:50%;--awb-margin-top-large:0px;--awb-spacing-right-large:7.68%;--awb-margin-bottom-large:60px;--awb-spacing-left-large:7.68%;--awb-width-medium:50%;--awb-order-medium:0;--awb-spacing-right-medium:7.68%;--awb-spacing-left-medium:7.68%;--awb-width-small:100%;--awb-order-small:2;--awb-spacing-right-small:1.92%;--awb-margin-bottom-small:0px;--awb-spacing-left-small:1.92%;\" data-animationType=\"fadeInLeft\" data-animationDuration=\"1.6\" data-animationOffset=\"top-into-view\"><div class=\"fusion-column-wrapper fusion-column-has-shadow fusion-flex-justify-content-center fusion-content-layout-column\"><div class=\"fusion-image-element \" style=\"--awb-caption-title-font-family:var(--h2_typography-font-family);--awb-caption-title-font-weight:var(--h2_typography-font-weight);--awb-caption-title-font-style:var(--h2_typography-font-style);--awb-caption-title-size:var(--h2_typography-font-size);--awb-caption-title-transform:var(--h2_typography-text-transform);--awb-caption-title-line-height:var(--h2_typography-line-height);--awb-caption-title-letter-spacing:var(--h2_typography-letter-spacing);\"><span class=\" fusion-imageframe imageframe-none imageframe-7 hover-type-none\" style=\"border-radius:15px;\"><img decoding=\"async\" width=\"591\" height=\"591\" alt=\"Messeteilnahme Medtec Shanghai China\" title=\"mai-medtech-china\" src=\"https:\/\/www.m-a-i.de\/wp-content\/uploads\/mai-medtech-china.jpg?wsr\" data-orig-src=\"https:\/\/www.m-a-i.de\/wp-content\/uploads\/mai-medtech-china.jpg\" class=\"lazyload img-responsive wp-image-8797\" srcset=\"data:image\/svg+xml,%3Csvg%20xmlns%3D%27http%3A%2F%2Fwww.w3.org%2F2000%2Fsvg%27%20width%3D%27591%27%20height%3D%27591%27%20viewBox%3D%270%200%20591%20591%27%3E%3Crect%20width%3D%27591%27%20height%3D%27591%27%20fill-opacity%3D%220%22%2F%3E%3C%2Fsvg%3E\" data-srcset=\"https:\/\/www.m-a-i.de\/wp-content\/uploads\/mai-medtech-china-200x200.jpg 200w, https:\/\/www.m-a-i.de\/wp-content\/uploads\/mai-medtech-china-400x400.jpg 400w, https:\/\/www.m-a-i.de\/wp-content\/uploads\/mai-medtech-china.jpg 591w\" data-sizes=\"auto\" data-orig-sizes=\"(max-width: 640px) 100vw, 591px\" \/><\/span><\/div><\/div><\/div><div class=\"fusion-layout-column fusion_builder_column fusion-builder-column-17 fusion_builder_column_1_2 1_2 fusion-flex-column fusion-animated\" style=\"--awb-bg-size:cover;--awb-width-large:50%;--awb-margin-top-large:0px;--awb-spacing-right-large:7.68%;--awb-margin-bottom-large:0px;--awb-spacing-left-large:7.68%;--awb-width-medium:50%;--awb-order-medium:0;--awb-spacing-right-medium:7.68%;--awb-spacing-left-medium:7.68%;--awb-width-small:100%;--awb-order-small:4;--awb-spacing-right-small:1.92%;--awb-margin-bottom-small:0px;--awb-spacing-left-small:1.92%;\" data-animationType=\"fadeInLeft\" data-animationDuration=\"1.6\" data-animationOffset=\"top-into-view\"><div class=\"fusion-column-wrapper fusion-column-has-shadow fusion-flex-justify-content-center fusion-content-layout-column\"><div class=\"fusion-image-element \" style=\"--awb-caption-title-font-family:var(--h2_typography-font-family);--awb-caption-title-font-weight:var(--h2_typography-font-weight);--awb-caption-title-font-style:var(--h2_typography-font-style);--awb-caption-title-size:var(--h2_typography-font-size);--awb-caption-title-transform:var(--h2_typography-text-transform);--awb-caption-title-line-height:var(--h2_typography-line-height);--awb-caption-title-letter-spacing:var(--h2_typography-letter-spacing);\"><span class=\" fusion-imageframe imageframe-none imageframe-8 hover-type-none\" style=\"border-radius:15px;\"><img decoding=\"async\" width=\"1080\" height=\"1080\" alt=\"M.A.i Messeteilnahme an der Medtech live\" title=\"mai-medtechlive-2024\" src=\"https:\/\/www.m-a-i.de\/wp-content\/uploads\/2025\/04\/mai-medtechlive-2024.jpg?wsr\" data-orig-src=\"https:\/\/www.m-a-i.de\/wp-content\/uploads\/2025\/04\/mai-medtechlive-2024.jpg\" class=\"lazyload img-responsive wp-image-6948\" srcset=\"data:image\/svg+xml,%3Csvg%20xmlns%3D%27http%3A%2F%2Fwww.w3.org%2F2000%2Fsvg%27%20width%3D%271080%27%20height%3D%271080%27%20viewBox%3D%270%200%201080%201080%27%3E%3Crect%20width%3D%271080%27%20height%3D%271080%27%20fill-opacity%3D%220%22%2F%3E%3C%2Fsvg%3E\" data-srcset=\"https:\/\/www.m-a-i.de\/wp-content\/uploads\/2025\/04\/mai-medtechlive-2024-200x200.jpg 200w, https:\/\/www.m-a-i.de\/wp-content\/uploads\/2025\/04\/mai-medtechlive-2024-400x400.jpg 400w, https:\/\/www.m-a-i.de\/wp-content\/uploads\/2025\/04\/mai-medtechlive-2024-600x600.jpg 600w, https:\/\/www.m-a-i.de\/wp-content\/uploads\/2025\/04\/mai-medtechlive-2024-800x800.jpg 800w, https:\/\/www.m-a-i.de\/wp-content\/uploads\/2025\/04\/mai-medtechlive-2024.jpg 1080w\" data-sizes=\"auto\" data-orig-sizes=\"(max-width: 640px) 100vw, 800px\" \/><\/span><\/div><\/div><\/div><div class=\"fusion-layout-column fusion_builder_column fusion-builder-column-18 fusion_builder_column_1_2 1_2 fusion-flex-column fusion-animated\" style=\"--awb-padding-top-small:48px;--awb-padding-right-small:48px;--awb-padding-bottom-small:48px;--awb-padding-left-small:48px;--awb-bg-size:cover;--awb-width-large:50%;--awb-margin-top-large:0px;--awb-spacing-right-large:17.28%;--awb-margin-bottom-large:20px;--awb-spacing-left-large:17.28%;--awb-width-medium:50%;--awb-spacing-right-medium:9.6%;--awb-spacing-left-medium:13.44%;--awb-width-small:100%;--awb-order-small:3;--awb-spacing-right-small:1.92%;--awb-margin-bottom-small:0px;--awb-spacing-left-small:1.92%;\" data-animationType=\"fadeInRight\" data-animationDuration=\"1.6\" data-animationOffset=\"top-into-view\"><div class=\"fusion-column-wrapper fusion-column-has-shadow fusion-flex-justify-content-flex-start fusion-content-layout-column\"><div class=\"fusion-title title fusion-title-12 fusion-sep-none fusion-title-text fusion-title-size-two\" style=\"--awb-text-color:var(--awb-color8);--awb-margin-bottom:20px;--awb-margin-top-small:10px;--awb-margin-right-small:0px;--awb-margin-bottom-small:10px;--awb-margin-left-small:0px;\"><h2 class=\"fusion-title-heading title-heading-left fusion-responsive-typography-calculated\" style=\"margin:0;--fontSize:60;line-height:1.12;\">MedtecLIVE Stuttgart 2024<\/h2><\/div><div class=\"fusion-text fusion-text-14 fusion-text-no-margin\" style=\"--awb-font-size:var(--awb-typography4-font-size);--awb-line-height:var(--awb-typography4-line-height);--awb-letter-spacing:var(--awb-typography4-letter-spacing);--awb-text-transform:var(--awb-typography4-text-transform);--awb-text-color:hsla(var(--awb-color8-h),var(--awb-color8-s),var(--awb-color8-l),calc(var(--awb-color8-a) - 20%));--awb-margin-bottom:40px;--awb-text-font-family:var(--awb-typography4-font-family);--awb-text-font-weight:var(--awb-typography4-font-weight);--awb-text-font-style:var(--awb-typography4-font-style);\"><p>Del <b>18 al 20 de junio<\/b> estuvimos en <b>MedtecLIVE <\/b>, en Stuttgart, para presentar nuestras tecnolog\u00edas innovadoras y soluciones de automatizaci\u00f3n para tecnolog\u00eda m\u00e9dica. Esta feria es un punto de encuentro central para la industria europea de la tecnolog\u00eda m\u00e9dica, donde los expertos intercambian ideas y debaten sobre los \u00faltimos avances.<\/p>\n<\/div><\/div><\/div><\/div><\/div><div class=\"fusion-fullwidth fullwidth-box fusion-builder-row-12 fusion-flex-container has-pattern-background has-mask-background nonhundred-percent-fullwidth non-hundred-percent-height-scrolling fusion-no-medium-visibility fusion-no-large-visibility\" style=\"--awb-border-radius-top-left:0px;--awb-border-radius-top-right:0px;--awb-border-radius-bottom-right:0px;--awb-border-radius-bottom-left:0px;--awb-flex-wrap:wrap;\" ><div class=\"fusion-builder-row fusion-row fusion-flex-align-items-flex-start fusion-flex-content-wrap\" style=\"max-width:1664px;margin-left: calc(-4% \/ 2 );margin-right: calc(-4% \/ 2 );\"><div class=\"fusion-layout-column fusion_builder_column fusion-builder-column-19 fusion_builder_column_1_1 1_1 fusion-flex-column\" style=\"--awb-bg-size:cover;--awb-width-large:100%;--awb-margin-top-large:16px;--awb-spacing-right-large:1.92%;--awb-margin-bottom-large:16px;--awb-spacing-left-large:1.92%;--awb-width-medium:100%;--awb-order-medium:0;--awb-spacing-right-medium:1.92%;--awb-spacing-left-medium:1.92%;--awb-width-small:100%;--awb-order-small:0;--awb-spacing-right-small:1.92%;--awb-spacing-left-small:1.92%;\"><div class=\"fusion-column-wrapper fusion-column-has-shadow fusion-flex-justify-content-flex-start fusion-content-layout-column\"><div class=\"fusion-title title fusion-title-13 fusion-sep-none fusion-title-text fusion-title-size-two\" style=\"--awb-margin-top-small:10px;--awb-margin-right-small:0px;--awb-margin-bottom-small:10px;--awb-margin-left-small:0px;\"><h2 class=\"fusion-title-heading title-heading-left fusion-responsive-typography-calculated\" style=\"margin:0;--fontSize:60;line-height:1.12;\">automatica M\u00fanich 2025<\/h2><\/div><div class=\"fusion-text fusion-text-15\"><p class=\"my-0\"><strong>Del 24 al 27 de junio de 2025<\/strong> se celebr\u00f3 en M\u00fanich la <strong>feria l\u00edder mundial de automatizaci\u00f3n inteligente y rob\u00f3tica<\/strong>, \u00a1y nosotros estuvimos justo en medio! Junto con unos 800 expositores de 40 pa\u00edses y m\u00e1s de 47.000 visitantes profesionales, experimentamos las \u00faltimas tendencias e innovaciones en rob\u00f3tica, inteligencia artificial y producci\u00f3n automatizada<span class=\"whitespace-nowrap\">.<\/span> <\/p>\n<p class=\"my-0\">La atenci\u00f3n se centr\u00f3 en soluciones pioneras para la producci\u00f3n del ma\u00f1ana: desde rob\u00f3tica asistida por IA y aplicaciones de tecnolog\u00eda sanitaria hasta automatizaci\u00f3n sostenible en red<span class=\"whitespace-nowrap\">.<\/span> automatica nos ofreci\u00f3 una plataforma \u00fanica para el di\u00e1logo con expertos del sector, ponencias inspiradoras y conocimientos pr\u00e1cticos sobre toda la cadena de valor de la automatizaci\u00f3n<span class=\"whitespace-nowrap\">.<\/span><\/p>\n<p class=\"my-0\">Recordamos con entusiasmo los emocionantes d\u00edas de feria, llenos de innovaciones, contactos y nuevos impulsos para el futuro del sector. Muchas gracias a todos los visitantes y socios por el inspirador intercambio: \u00a1ya estamos deseando que llegue la pr\u00f3xima vez! <\/p>\n<\/div><div class=\"fusion-image-element \" style=\"--awb-caption-title-font-family:var(--h2_typography-font-family);--awb-caption-title-font-weight:var(--h2_typography-font-weight);--awb-caption-title-font-style:var(--h2_typography-font-style);--awb-caption-title-size:var(--h2_typography-font-size);--awb-caption-title-transform:var(--h2_typography-text-transform);--awb-caption-title-line-height:var(--h2_typography-line-height);--awb-caption-title-letter-spacing:var(--h2_typography-letter-spacing);\"><span class=\" fusion-imageframe imageframe-none imageframe-9 hover-type-none\"><img decoding=\"async\" width=\"768\" height=\"768\" alt=\"MAi Messestand automatica M\u00fcnchen 2025\" title=\"mai-automatica-2025\" src=\"https:\/\/www.m-a-i.de\/wp-content\/uploads\/mai-automatica-2025.jpg?wsr\" data-orig-src=\"https:\/\/www.m-a-i.de\/wp-content\/uploads\/mai-automatica-2025.jpg\" class=\"lazyload img-responsive wp-image-14977\" srcset=\"data:image\/svg+xml,%3Csvg%20xmlns%3D%27http%3A%2F%2Fwww.w3.org%2F2000%2Fsvg%27%20width%3D%27768%27%20height%3D%27768%27%20viewBox%3D%270%200%20768%20768%27%3E%3Crect%20width%3D%27768%27%20height%3D%27768%27%20fill-opacity%3D%220%22%2F%3E%3C%2Fsvg%3E\" data-srcset=\"https:\/\/www.m-a-i.de\/wp-content\/uploads\/mai-automatica-2025-200x200.jpg 200w, https:\/\/www.m-a-i.de\/wp-content\/uploads\/mai-automatica-2025-400x400.jpg 400w, https:\/\/www.m-a-i.de\/wp-content\/uploads\/mai-automatica-2025-600x600.jpg 600w, https:\/\/www.m-a-i.de\/wp-content\/uploads\/mai-automatica-2025.jpg 768w\" data-sizes=\"auto\" data-orig-sizes=\"(max-width: 640px) 100vw, 768px\" \/><\/span><\/div><\/div><\/div><div class=\"fusion-layout-column fusion_builder_column fusion-builder-column-20 fusion_builder_column_1_1 1_1 fusion-flex-column\" style=\"--awb-bg-size:cover;--awb-width-large:100%;--awb-margin-top-large:16px;--awb-spacing-right-large:1.92%;--awb-margin-bottom-large:16px;--awb-spacing-left-large:1.92%;--awb-width-medium:100%;--awb-order-medium:0;--awb-spacing-right-medium:1.92%;--awb-spacing-left-medium:1.92%;--awb-width-small:100%;--awb-order-small:0;--awb-spacing-right-small:1.92%;--awb-spacing-left-small:1.92%;\"><div class=\"fusion-column-wrapper fusion-column-has-shadow fusion-flex-justify-content-flex-start fusion-content-layout-column\"><div class=\"fusion-title title fusion-title-14 fusion-sep-none fusion-title-text fusion-title-size-two\" style=\"--awb-margin-top-small:10px;--awb-margin-right-small:0px;--awb-margin-bottom-small:10px;--awb-margin-left-small:0px;\"><h2 class=\"fusion-title-heading title-heading-left fusion-responsive-typography-calculated\" style=\"margin:0;--fontSize:60;line-height:1.12;\">Arab Health Dubai 2025<\/h2><\/div><div class=\"fusion-text fusion-text-16\"><p class=\"my-0\">Del <b>27 al 30 de enero de 2025<\/b>, celebramos nuestro debut en <b>Arab Health, en Dubai<\/b>. Este estreno nos abri\u00f3 interesantes perspectivas en el mercado sanitario de Oriente Medio y nos aport\u00f3 nuevos y valiosos contactos. \u00a1Un comienzo prometedor para nuestra expansi\u00f3n mundial!  <\/p>\n<\/div><div class=\"fusion-image-element \" style=\"--awb-caption-title-font-family:var(--h2_typography-font-family);--awb-caption-title-font-weight:var(--h2_typography-font-weight);--awb-caption-title-font-style:var(--h2_typography-font-style);--awb-caption-title-size:var(--h2_typography-font-size);--awb-caption-title-transform:var(--h2_typography-text-transform);--awb-caption-title-line-height:var(--h2_typography-line-height);--awb-caption-title-letter-spacing:var(--h2_typography-letter-spacing);\"><span class=\" fusion-imageframe imageframe-none imageframe-10 hover-type-none\"><img decoding=\"async\" width=\"768\" height=\"768\" alt=\"Messebesuch Arab Health\" title=\"mai-arab-health-2025\" src=\"https:\/\/www.m-a-i.de\/wp-content\/uploads\/2025\/04\/mai-arab-health-2025.jpg?wsr\" data-orig-src=\"https:\/\/www.m-a-i.de\/wp-content\/uploads\/2025\/04\/mai-arab-health-2025.jpg\" class=\"lazyload img-responsive wp-image-6928\" srcset=\"data:image\/svg+xml,%3Csvg%20xmlns%3D%27http%3A%2F%2Fwww.w3.org%2F2000%2Fsvg%27%20width%3D%27768%27%20height%3D%27768%27%20viewBox%3D%270%200%20768%20768%27%3E%3Crect%20width%3D%27768%27%20height%3D%27768%27%20fill-opacity%3D%220%22%2F%3E%3C%2Fsvg%3E\" data-srcset=\"https:\/\/www.m-a-i.de\/wp-content\/uploads\/2025\/04\/mai-arab-health-2025-200x200.jpg 200w, https:\/\/www.m-a-i.de\/wp-content\/uploads\/2025\/04\/mai-arab-health-2025-400x400.jpg 400w, https:\/\/www.m-a-i.de\/wp-content\/uploads\/2025\/04\/mai-arab-health-2025-600x600.jpg 600w, https:\/\/www.m-a-i.de\/wp-content\/uploads\/2025\/04\/mai-arab-health-2025.jpg 768w\" data-sizes=\"auto\" data-orig-sizes=\"(max-width: 640px) 100vw, 768px\" \/><\/span><\/div><\/div><\/div><div class=\"fusion-layout-column fusion_builder_column fusion-builder-column-21 fusion_builder_column_1_1 1_1 fusion-flex-column\" style=\"--awb-bg-size:cover;--awb-width-large:100%;--awb-margin-top-large:16px;--awb-spacing-right-large:1.92%;--awb-margin-bottom-large:16px;--awb-spacing-left-large:1.92%;--awb-width-medium:100%;--awb-order-medium:0;--awb-spacing-right-medium:1.92%;--awb-spacing-left-medium:1.92%;--awb-width-small:100%;--awb-order-small:0;--awb-spacing-right-small:1.92%;--awb-spacing-left-small:1.92%;\"><div class=\"fusion-column-wrapper fusion-column-has-shadow fusion-flex-justify-content-flex-start fusion-content-layout-column\"><div class=\"fusion-title title fusion-title-15 fusion-sep-none fusion-title-text fusion-title-size-two\" style=\"--awb-margin-top-small:10px;--awb-margin-right-small:0px;--awb-margin-bottom-small:10px;--awb-margin-left-small:0px;\"><h2 class=\"fusion-title-heading title-heading-left fusion-responsive-typography-calculated\" style=\"margin:0;--fontSize:60;line-height:1.12;\">Medtec Shanghai 2024<\/h2><\/div><div class=\"fusion-text fusion-text-17\"><p class=\"my-0\">Del <b>25 al 27 de septiembre de 2024<\/b>, nuestros colegas de China tuvieron la oportunidad de presentar nuestras innovadoras soluciones de automatizaci\u00f3n en <b>Medtec China, en Shanghai<\/b>. Esta feria es una de las principales del sector de la tecnolog\u00eda m\u00e9dica y volvi\u00f3 a reunir a numerosos representantes internacionales del sector. <\/p>\n<\/div><div class=\"fusion-image-element \" style=\"--awb-caption-title-font-family:var(--h2_typography-font-family);--awb-caption-title-font-weight:var(--h2_typography-font-weight);--awb-caption-title-font-style:var(--h2_typography-font-style);--awb-caption-title-size:var(--h2_typography-font-size);--awb-caption-title-transform:var(--h2_typography-text-transform);--awb-caption-title-line-height:var(--h2_typography-line-height);--awb-caption-title-letter-spacing:var(--h2_typography-letter-spacing);\"><span class=\" fusion-imageframe imageframe-none imageframe-11 hover-type-none\"><img decoding=\"async\" width=\"591\" height=\"591\" alt=\"Messeteilnahme Medtec Shanghai China\" title=\"mai-medtech-china\" src=\"https:\/\/www.m-a-i.de\/wp-content\/uploads\/mai-medtech-china.jpg?wsr\" data-orig-src=\"https:\/\/www.m-a-i.de\/wp-content\/uploads\/mai-medtech-china.jpg\" class=\"lazyload img-responsive wp-image-8797\" srcset=\"data:image\/svg+xml,%3Csvg%20xmlns%3D%27http%3A%2F%2Fwww.w3.org%2F2000%2Fsvg%27%20width%3D%27591%27%20height%3D%27591%27%20viewBox%3D%270%200%20591%20591%27%3E%3Crect%20width%3D%27591%27%20height%3D%27591%27%20fill-opacity%3D%220%22%2F%3E%3C%2Fsvg%3E\" data-srcset=\"https:\/\/www.m-a-i.de\/wp-content\/uploads\/mai-medtech-china-200x200.jpg 200w, https:\/\/www.m-a-i.de\/wp-content\/uploads\/mai-medtech-china-400x400.jpg 400w, https:\/\/www.m-a-i.de\/wp-content\/uploads\/mai-medtech-china.jpg 591w\" data-sizes=\"auto\" data-orig-sizes=\"(max-width: 640px) 100vw, 591px\" \/><\/span><\/div><\/div><\/div><div class=\"fusion-layout-column fusion_builder_column fusion-builder-column-22 fusion_builder_column_1_1 1_1 fusion-flex-column\" style=\"--awb-bg-size:cover;--awb-width-large:100%;--awb-margin-top-large:16px;--awb-spacing-right-large:1.92%;--awb-margin-bottom-large:16px;--awb-spacing-left-large:1.92%;--awb-width-medium:100%;--awb-order-medium:0;--awb-spacing-right-medium:1.92%;--awb-spacing-left-medium:1.92%;--awb-width-small:100%;--awb-order-small:0;--awb-spacing-right-small:1.92%;--awb-spacing-left-small:1.92%;\"><div class=\"fusion-column-wrapper fusion-column-has-shadow fusion-flex-justify-content-flex-start fusion-content-layout-column\"><div class=\"fusion-title title fusion-title-16 fusion-sep-none fusion-title-text fusion-title-size-two\" style=\"--awb-margin-top-small:10px;--awb-margin-right-small:0px;--awb-margin-bottom-small:10px;--awb-margin-left-small:0px;\"><h2 class=\"fusion-title-heading title-heading-left fusion-responsive-typography-calculated\" style=\"margin:0;--fontSize:60;line-height:1.12;\">Medtec Live Stuttgart 2024<\/h2><\/div><div class=\"fusion-text fusion-text-18\"><p class=\"my-0\">Del <b>18 al 20 de junio<\/b> estuvimos en <b>MedtecLIVE <\/b>, en Stuttgart, para presentar nuestras tecnolog\u00edas innovadoras y soluciones de automatizaci\u00f3n para tecnolog\u00eda m\u00e9dica. Esta feria es un punto de encuentro central para la industria europea de la tecnolog\u00eda m\u00e9dica, donde los expertos intercambian ideas y debaten sobre los \u00faltimos avances. <\/p>\n<\/div><div class=\"fusion-image-element \" style=\"--awb-caption-title-font-family:var(--h2_typography-font-family);--awb-caption-title-font-weight:var(--h2_typography-font-weight);--awb-caption-title-font-style:var(--h2_typography-font-style);--awb-caption-title-size:var(--h2_typography-font-size);--awb-caption-title-transform:var(--h2_typography-text-transform);--awb-caption-title-line-height:var(--h2_typography-line-height);--awb-caption-title-letter-spacing:var(--h2_typography-letter-spacing);\"><span class=\" fusion-imageframe imageframe-none imageframe-12 hover-type-none\"><img decoding=\"async\" width=\"1080\" height=\"1080\" alt=\"M.A.i Messeteilnahme an der Medtech live\" title=\"mai-medtechlive-2024\" src=\"https:\/\/www.m-a-i.de\/wp-content\/uploads\/2025\/04\/mai-medtechlive-2024.jpg?wsr\" data-orig-src=\"https:\/\/www.m-a-i.de\/wp-content\/uploads\/2025\/04\/mai-medtechlive-2024.jpg\" class=\"lazyload img-responsive wp-image-6948\" srcset=\"data:image\/svg+xml,%3Csvg%20xmlns%3D%27http%3A%2F%2Fwww.w3.org%2F2000%2Fsvg%27%20width%3D%271080%27%20height%3D%271080%27%20viewBox%3D%270%200%201080%201080%27%3E%3Crect%20width%3D%271080%27%20height%3D%271080%27%20fill-opacity%3D%220%22%2F%3E%3C%2Fsvg%3E\" data-srcset=\"https:\/\/www.m-a-i.de\/wp-content\/uploads\/2025\/04\/mai-medtechlive-2024-200x200.jpg 200w, https:\/\/www.m-a-i.de\/wp-content\/uploads\/2025\/04\/mai-medtechlive-2024-400x400.jpg 400w, https:\/\/www.m-a-i.de\/wp-content\/uploads\/2025\/04\/mai-medtechlive-2024-600x600.jpg 600w, https:\/\/www.m-a-i.de\/wp-content\/uploads\/2025\/04\/mai-medtechlive-2024-800x800.jpg 800w, https:\/\/www.m-a-i.de\/wp-content\/uploads\/2025\/04\/mai-medtechlive-2024.jpg 1080w\" data-sizes=\"auto\" data-orig-sizes=\"(max-width: 640px) 100vw, 1080px\" \/><\/span><\/div><\/div><\/div><\/div><\/div><\/p>\n","protected":false},"excerpt":{"rendered":"","protected":false},"author":1,"featured_media":0,"parent":0,"menu_order":0,"comment_status":"closed","ping_status":"closed","template":"","meta":{"footnotes":""},"class_list":["post-5339","page","type-page","status-publish","hentry"],"yoast_head":"<!-- This site is optimized with the Yoast SEO Premium plugin v27.4 (Yoast SEO v27.4) - https:\/\/yoast.com\/product\/yoast-seo-premium-wordpress\/ -->\n<title>Ferias comerciales - M.A.i \u2013 innovative automation<\/title>\n<meta name=\"robots\" content=\"index, follow, max-snippet:-1, max-image-preview:large, max-video-preview:-1\" \/>\n<link rel=\"canonical\" href=\"https:\/\/www.m-a-i.de\/es\/ferias-comerciales\/\" \/>\n<meta property=\"og:locale\" content=\"en_US\" \/>\n<meta property=\"og:type\" content=\"article\" \/>\n<meta property=\"og:title\" content=\"Ferias comerciales\" \/>\n<meta property=\"og:url\" content=\"https:\/\/www.m-a-i.de\/es\/ferias-comerciales\/\" \/>\n<meta property=\"og:site_name\" content=\"M.A.i \u2013 innovative automation\" \/>\n<meta property=\"article:publisher\" content=\"https:\/\/www.facebook.com\/M.A.i.Kronach\" \/>\n<meta property=\"article:modified_time\" content=\"2025-07-09T09:16:46+00:00\" \/>\n<meta name=\"twitter:card\" content=\"summary_large_image\" \/>\n<meta name=\"twitter:label1\" content=\"Est. reading time\" \/>\n\t<meta name=\"twitter:data1\" content=\"120 minutes\" \/>\n<script type=\"application\/ld+json\" class=\"yoast-schema-graph\">{\"@context\":\"https:\\\/\\\/schema.org\",\"@graph\":[{\"@type\":\"WebPage\",\"@id\":\"https:\\\/\\\/www.m-a-i.de\\\/es\\\/ferias-comerciales\\\/\",\"url\":\"https:\\\/\\\/www.m-a-i.de\\\/es\\\/ferias-comerciales\\\/\",\"name\":\"Ferias comerciales - M.A.i \u2013 innovative automation\",\"isPartOf\":{\"@id\":\"https:\\\/\\\/www.m-a-i.de\\\/es\\\/#website\"},\"datePublished\":\"2025-01-21T22:46:03+00:00\",\"dateModified\":\"2025-07-09T09:16:46+00:00\",\"breadcrumb\":{\"@id\":\"https:\\\/\\\/www.m-a-i.de\\\/es\\\/ferias-comerciales\\\/#breadcrumb\"},\"inLanguage\":\"es\",\"potentialAction\":[{\"@type\":\"ReadAction\",\"target\":[\"https:\\\/\\\/www.m-a-i.de\\\/es\\\/ferias-comerciales\\\/\"]}]},{\"@type\":\"BreadcrumbList\",\"@id\":\"https:\\\/\\\/www.m-a-i.de\\\/es\\\/ferias-comerciales\\\/#breadcrumb\",\"itemListElement\":[{\"@type\":\"ListItem\",\"position\":1,\"name\":\"Startseite\",\"item\":\"https:\\\/\\\/www.m-a-i.de\\\/es\\\/\"},{\"@type\":\"ListItem\",\"position\":2,\"name\":\"Ferias comerciales\"}]},{\"@type\":\"WebSite\",\"@id\":\"https:\\\/\\\/www.m-a-i.de\\\/es\\\/#website\",\"url\":\"https:\\\/\\\/www.m-a-i.de\\\/es\\\/\",\"name\":\"M.A.i \u2013 innovative automation\",\"description\":\"\",\"publisher\":{\"@id\":\"https:\\\/\\\/www.m-a-i.de\\\/es\\\/#organization\"},\"potentialAction\":[{\"@type\":\"SearchAction\",\"target\":{\"@type\":\"EntryPoint\",\"urlTemplate\":\"https:\\\/\\\/www.m-a-i.de\\\/es\\\/?s={search_term_string}\"},\"query-input\":{\"@type\":\"PropertyValueSpecification\",\"valueRequired\":true,\"valueName\":\"search_term_string\"}}],\"inLanguage\":\"es\"},{\"@type\":\"Organization\",\"@id\":\"https:\\\/\\\/www.m-a-i.de\\\/es\\\/#organization\",\"name\":\"M.A.i \u2013 innovative automation\",\"url\":\"https:\\\/\\\/www.m-a-i.de\\\/es\\\/\",\"logo\":{\"@type\":\"ImageObject\",\"inLanguage\":\"es\",\"@id\":\"https:\\\/\\\/www.m-a-i.de\\\/es\\\/#\\\/schema\\\/logo\\\/image\\\/\",\"url\":\"https:\\\/\\\/www.m-a-i.de\\\/wp-content\\\/uploads\\\/2024\\\/12\\\/MAi_Logo_RGB_2025.png\",\"contentUrl\":\"https:\\\/\\\/www.m-a-i.de\\\/wp-content\\\/uploads\\\/2024\\\/12\\\/MAi_Logo_RGB_2025.png\",\"width\":484,\"height\":225,\"caption\":\"M.A.i \u2013 innovative automation\"},\"image\":{\"@id\":\"https:\\\/\\\/www.m-a-i.de\\\/es\\\/#\\\/schema\\\/logo\\\/image\\\/\"},\"sameAs\":[\"https:\\\/\\\/www.facebook.com\\\/M.A.i.Kronach\",\"https:\\\/\\\/www.instagram.com\\\/mai_kronach\",\"https:\\\/\\\/www.youtube.com\\\/@MaiDeKronach\",\"https:\\\/\\\/www.linkedin.com\\\/company\\\/m.a.igmbh&co.kg\"]}]}<\/script>\n<!-- \/ Yoast SEO Premium plugin. -->","yoast_head_json":{"title":"Ferias comerciales - M.A.i \u2013 innovative automation","robots":{"index":"index","follow":"follow","max-snippet":"max-snippet:-1","max-image-preview":"max-image-preview:large","max-video-preview":"max-video-preview:-1"},"canonical":"https:\/\/www.m-a-i.de\/es\/ferias-comerciales\/","og_locale":"en_US","og_type":"article","og_title":"Ferias comerciales","og_url":"https:\/\/www.m-a-i.de\/es\/ferias-comerciales\/","og_site_name":"M.A.i \u2013 innovative automation","article_publisher":"https:\/\/www.facebook.com\/M.A.i.Kronach","article_modified_time":"2025-07-09T09:16:46+00:00","twitter_card":"summary_large_image","twitter_misc":{"Est. reading time":"120 minutes"},"schema":{"@context":"https:\/\/schema.org","@graph":[{"@type":"WebPage","@id":"https:\/\/www.m-a-i.de\/es\/ferias-comerciales\/","url":"https:\/\/www.m-a-i.de\/es\/ferias-comerciales\/","name":"Ferias comerciales - M.A.i \u2013 innovative automation","isPartOf":{"@id":"https:\/\/www.m-a-i.de\/es\/#website"},"datePublished":"2025-01-21T22:46:03+00:00","dateModified":"2025-07-09T09:16:46+00:00","breadcrumb":{"@id":"https:\/\/www.m-a-i.de\/es\/ferias-comerciales\/#breadcrumb"},"inLanguage":"es","potentialAction":[{"@type":"ReadAction","target":["https:\/\/www.m-a-i.de\/es\/ferias-comerciales\/"]}]},{"@type":"BreadcrumbList","@id":"https:\/\/www.m-a-i.de\/es\/ferias-comerciales\/#breadcrumb","itemListElement":[{"@type":"ListItem","position":1,"name":"Startseite","item":"https:\/\/www.m-a-i.de\/es\/"},{"@type":"ListItem","position":2,"name":"Ferias comerciales"}]},{"@type":"WebSite","@id":"https:\/\/www.m-a-i.de\/es\/#website","url":"https:\/\/www.m-a-i.de\/es\/","name":"M.A.i \u2013 innovative automation","description":"","publisher":{"@id":"https:\/\/www.m-a-i.de\/es\/#organization"},"potentialAction":[{"@type":"SearchAction","target":{"@type":"EntryPoint","urlTemplate":"https:\/\/www.m-a-i.de\/es\/?s={search_term_string}"},"query-input":{"@type":"PropertyValueSpecification","valueRequired":true,"valueName":"search_term_string"}}],"inLanguage":"es"},{"@type":"Organization","@id":"https:\/\/www.m-a-i.de\/es\/#organization","name":"M.A.i \u2013 innovative automation","url":"https:\/\/www.m-a-i.de\/es\/","logo":{"@type":"ImageObject","inLanguage":"es","@id":"https:\/\/www.m-a-i.de\/es\/#\/schema\/logo\/image\/","url":"https:\/\/www.m-a-i.de\/wp-content\/uploads\/2024\/12\/MAi_Logo_RGB_2025.png","contentUrl":"https:\/\/www.m-a-i.de\/wp-content\/uploads\/2024\/12\/MAi_Logo_RGB_2025.png","width":484,"height":225,"caption":"M.A.i \u2013 innovative automation"},"image":{"@id":"https:\/\/www.m-a-i.de\/es\/#\/schema\/logo\/image\/"},"sameAs":["https:\/\/www.facebook.com\/M.A.i.Kronach","https:\/\/www.instagram.com\/mai_kronach","https:\/\/www.youtube.com\/@MaiDeKronach","https:\/\/www.linkedin.com\/company\/m.a.igmbh&co.kg"]}]}},"jetpack_sharing_enabled":true,"_links":{"self":[{"href":"https:\/\/www.m-a-i.de\/es\/wp-json\/wp\/v2\/pages\/5339","targetHints":{"allow":["GET"]}}],"collection":[{"href":"https:\/\/www.m-a-i.de\/es\/wp-json\/wp\/v2\/pages"}],"about":[{"href":"https:\/\/www.m-a-i.de\/es\/wp-json\/wp\/v2\/types\/page"}],"author":[{"embeddable":true,"href":"https:\/\/www.m-a-i.de\/es\/wp-json\/wp\/v2\/users\/1"}],"replies":[{"embeddable":true,"href":"https:\/\/www.m-a-i.de\/es\/wp-json\/wp\/v2\/comments?post=5339"}],"version-history":[{"count":29,"href":"https:\/\/www.m-a-i.de\/es\/wp-json\/wp\/v2\/pages\/5339\/revisions"}],"predecessor-version":[{"id":15508,"href":"https:\/\/www.m-a-i.de\/es\/wp-json\/wp\/v2\/pages\/5339\/revisions\/15508"}],"wp:attachment":[{"href":"https:\/\/www.m-a-i.de\/es\/wp-json\/wp\/v2\/media?parent=5339"}],"curies":[{"name":"wp","href":"https:\/\/api.w.org\/{rel}","templated":true}]}}